{"id":56140,"date":"2022-11-30T14:35:35","date_gmt":"2022-11-30T18:35:35","guid":{"rendered":"https:\/\/cyclingcanada.ca\/?post_type=cc_event&#038;p=56140"},"modified":"2025-04-30T15:52:17","modified_gmt":"2025-04-30T19:52:17","slug":"championnats-canadiens-route-2023-elite-jr-para","status":"publish","type":"cc_event","link":"https:\/\/cyclingcanada.ca\/fr\/event\/championnats-canadiens-route-2023-elite-jr-para\/","title":{"rendered":"Championnats Canadiens Route 2023 (\u00c9lite\/Jr\/Para)"},"content":{"rendered":"\n<figure class=\"wp-block-image aligncenter size-medium\"><img loading=\"lazy\" decoding=\"async\" width=\"169\" height=\"300\" src=\"https:\/\/cyclingcanada.ca\/wp-content\/uploads\/2023\/06\/championships-road-cn-red-169x300.png\" alt=\"\" class=\"wp-image-60394\" srcset=\"https:\/\/cyclingcanada.ca\/wp-content\/uploads\/2023\/06\/championships-road-cn-red-169x300.png 169w, https:\/\/cyclingcanada.ca\/wp-content\/uploads\/2023\/06\/championships-road-cn-red-580x1030.png 580w, https:\/\/cyclingcanada.ca\/wp-content\/uploads\/2023\/06\/championships-road-cn-red-768x1365.png 768w, https:\/\/cyclingcanada.ca\/wp-content\/uploads\/2023\/06\/championships-road-cn-red-864x1536.png 864w, https:\/\/cyclingcanada.ca\/wp-content\/uploads\/2023\/06\/championships-road-cn-red-844x1500.png 844w, https:\/\/cyclingcanada.ca\/wp-content\/uploads\/2023\/06\/championships-road-cn-red-397x705.png 397w, https:\/\/cyclingcanada.ca\/wp-content\/uploads\/2023\/06\/championships-road-cn-red.png 1000w\" sizes=\"auto, (max-width: 169px) 100vw, 169px\" \/><\/figure>\n\n<div style=\"height:var(--wp--preset--spacing--small)\" aria-hidden=\"true\" class=\"wp-block-spacer\"><\/div>\n\n<h2 class=\"wp-block-heading has-x-large-font-size\">Information Technique<\/h2>\n\n<p><strong><span style=\"text-decoration: underline;\">Dates des \u00e9v\u00e9nements<\/span><\/strong><\/p>\n\n<ul class=\"wp-block-list\">\n<li><strong>23 juin: <\/strong>Contre-la-montre (toutes cat\u00e9gories)<\/li>\n\n\n\n<li><strong>24 juin: <\/strong>Course sur route (Para, Junior)<\/li>\n\n\n\n<li><strong>25 juin: <\/strong>Course sur route (\u00c9lite\/U23)<\/li>\n\n\n\n<li><strong>26 juin: <\/strong>Crit\u00e9rium (Junior, \u00c9lite)<\/li>\n<\/ul>\n\n<h4 class=\"wp-block-heading\">Guide technique<\/h4>\n\n<p>Pour r\u00e9viser le guide technique de l\u2019\u00e9v\u00e9nement, veuillez <strong><a href=\"https:\/\/www.donorthevents.ca\/cycling_elite\" target=\"_blank\" rel=\"noreferrer noopener\">cliquer ici<\/a> <\/strong>pour la version la plus r\u00e9cente! Veuillez noter qu\u2019il y a eu des mises \u00e0 jour importantes. <\/p>\n\n<h4 class=\"wp-block-heading\">Rencontres Techniques<\/h4>\n\n<p><strong><span style=\"text-decoration: underline;\">Confirmation des coureurs &amp; cueillette des dossards<\/span><\/strong><\/p>\n\n<ul class=\"wp-block-list\">\n<li><strong>Date:<\/strong> jeudi 22 juin<\/li>\n\n\n\n<li><strong>Heure: <\/strong>16h00 \u2013 19h00<\/li>\n\n\n\n<li><strong>Location: <\/strong>Delta Edmonton South [Crystal Ballroom] 4404 Gateway Blvd NW, Edmonton<\/li>\n<\/ul>\n\n<p><strong><span style=\"text-decoration: underline;\">Rencontre des Directeurs Sportifs:<\/span><\/strong><\/p>\n\n<ul class=\"wp-block-list\">\n<li><strong>Date:<\/strong> jeudi 22 juin<\/li>\n\n\n\n<li><strong>Heure: <\/strong>17h00<\/li>\n\n\n\n<li><strong>Location:<\/strong> Delta Edmonton South [Crystal Ballroom] 4404 Gateway Blvd NW, Edmonton<\/li>\n<\/ul>\n\n<h4 class=\"wp-block-heading\">Communiqu\u00e9s officiels<\/h4>\n\n<p class=\"is-style-underline-links\"><a href=\"https:\/\/zone4.ca\/event\/2023\/Wvoopr\/\" target=\"_blank\" rel=\"noreferrer noopener\">Listes de D\u00e9parts<\/a><\/p>\n\n<p class=\"is-style-underline-links\"><a href=\"https:\/\/cyclingcanada.ca\/wp-content\/uploads\/2022\/11\/Communique-001-RR-Caravan-Order.pdf\" target=\"_blank\" rel=\"noreferrer noopener\">Communiqu\u00e9 001 \u2013 Ordre de la caravane<\/a><\/p>\n\n<p class=\"is-style-underline-links\"><a href=\"https:\/\/cyclingcanada.ca\/wp-content\/uploads\/2022\/11\/Communique-002-RR-Decisions-Day-1.pdf\" target=\"_blank\" rel=\"noreferrer noopener\">Communiqu\u00e9 002 \u2013 D\u00e9cisions de la course sur route (jour 1)<\/a><\/p>\n\n<p class=\"is-style-underline-links\"><a href=\"https:\/\/cyclingcanada.ca\/wp-content\/uploads\/2022\/11\/Communique-003-RR-Decisions-Day-2.pdf\" target=\"_blank\" rel=\"noreferrer noopener\">Communiqu\u00e9 003 \u2013 D\u00e9cisions de la course sur route (jour 2)<\/a><\/p>\n\n<div style=\"height:var(--wp--preset--spacing--small)\" aria-hidden=\"true\" class=\"wp-block-spacer\"><\/div>\n\n<h2 class=\"wp-block-heading has-x-large-font-size\">Inscription<\/h2>\n\n<div class=\"wp-block-group has-gainsboro-background-color has-background has-global-padding is-layout-constrained wp-container-core-group-is-layout-0b57324f wp-block-group-is-layout-constrained\" style=\"margin-top:var(--wp--preset--spacing--small);margin-bottom:var(--wp--preset--spacing--small);padding-top:var(--wp--preset--spacing--medium);padding-right:var(--wp--preset--spacing--medium);padding-bottom:var(--wp--preset--spacing--medium);padding-left:var(--wp--preset--spacing--medium)\">\n<div class=\"wp-block-columns are-vertically-aligned-center is-layout-flex wp-container-core-columns-is-layout-494b7923 wp-block-columns-is-layout-flex\">\n<div class=\"wp-block-column is-vertically-aligned-center is-layout-flow wp-block-column-is-layout-flow\" style=\"flex-basis:75%\">\n<p>La p\u00e9riode d\u2019inscription est ouverte jusqu\u2019\u00e0 23h59 (heure de l\u2019Est) le 16 juin. Le prix augmentera de 20$ le 10 juin. Veuillez cliquer sur le bouton \u00e0 droite pour vous inscrire !  <\/p>\n<\/div>\n\n\n\n<div class=\"wp-block-column is-vertically-aligned-center is-layout-flow wp-block-column-is-layout-flow\" style=\"flex-basis:25%\">\n<div class=\"wp-block-buttons is-content-justification-right is-layout-flex wp-container-core-buttons-is-layout-fc306653 wp-block-buttons-is-layout-flex\">\n<div class=\"wp-block-button has-custom-width wp-block-button__width-100 has-custom-font-size has-small-font-size\"><a class=\"wp-block-button__link wp-element-button\" href=\"https:\/\/ccnbikes.com\/#!\/events\/2023-canadian-road-championships-elitejrpara\" style=\"padding-top:var(--wp--preset--spacing--small);padding-right:var(--wp--preset--spacing--small);padding-bottom:var(--wp--preset--spacing--small);padding-left:var(--wp--preset--spacing--small)\" target=\"_blank\" rel=\"noreferrer noopener\">Enregistrez-vous !<\/a><\/div>\n<\/div>\n<\/div>\n<\/div>\n<\/div>\n\n<h4 class=\"wp-block-heading\">Demandes de surclassement U17<\/h4>\n\n<p>Des demandes de surclassement peuvent \u00eatre faites pour les athl\u00e8tes U17 de premi\u00e8re et deuxi\u00e8me ann\u00e9e qui souhaitent courir dans la cat\u00e9gorie junior.<\/p>\n\n<p class=\"is-style-underline-links\">Veuillez consulter le guide technique pour toutes les informations concernant les demandes de surclassement. Pour soumettre une demande, veuillez remplir ce <a href=\"https:\/\/cyclingcanada.ca\/wp-content\/uploads\/2022\/12\/2023-Age-and-Ability-Upgrade.pdf\" target=\"_blank\" rel=\"noreferrer noopener\">formulaire de surclassement <\/a>et l\u2019envoyer avec une copie de la licence UCI du coureur (avant\/arri\u00e8re) \u00e0 <a href=\"mailto:alex.joubert@cyclingcanada.ca\">alex.joubert@cyclingcanada.ca<\/a> avant le 9 juin.<br\/><br\/> <\/p>\n\n<div style=\"height:var(--wp--preset--spacing--small)\" aria-hidden=\"true\" class=\"wp-block-spacer\"><\/div>\n\n<h2 class=\"wp-block-heading has-x-large-font-size\">Informations sur l&#8217;\u00e9v\u00e9nement et h\u00f4tels partenaires<\/h2>\n\n<p>Pour obtenir des informations pr\u00e9liminaires sur les cours et les h\u00f4tels partenaires, veuillez <strong><a href=\"https:\/\/www.donorthevents.ca\/cycling_elite\" target=\"_blank\" rel=\"noreferrer noopener\">cliquer ici<\/a><\/strong>.<\/p>\n\n<p>Afin d&#8217;am\u00e9liorer l&#8217;exp\u00e9rience des athl\u00e8tes, Do North Events a soigneusement s\u00e9lectionn\u00e9 l&#8217;h\u00f4tel h\u00f4te des Championnats canadiens de cyclisme sur route 2023, dont le compte rendu est disponible ci-dessus. Ses deux partenaires h\u00f4teliers ont offert un excellent rapport qualit\u00e9-prix et des commodit\u00e9s exceptionnelles pour garantir un s\u00e9jour agr\u00e9able et pratique aux \u00e9quipes. Nettoyage et entreposage des v\u00e9los, d\u00eeners d&#8217;\u00e9quipe, petit-d\u00e9jeuner gratuit et kitchenettes ne sont que quelques-uns des avantages offerts.  <\/p>\n\n<p>En soutenant leurs h\u00f4tels de marketing de destination \u00e0 Edmonton, Explore Edmonton et la ville d\u2019Edmonton peuvent non seulement continuer \u00e0 soutenir les \u00e9v\u00e9nements majeurs de leur ville, mais \u00e9galement cr\u00e9er des exp\u00e9riences \u00e9v\u00e9nementielles uniques et m\u00e9morables, comme un hippodrome urbain au c\u0153ur de la vall\u00e9e fluviale embl\u00e9matique d\u2019Edmonton.<\/p>\n\n<p>Merci d\u2019avoir pens\u00e9 \u00e0 votre s\u00e9jour dans les h\u00f4tels partenaires de Do North Events !<\/p>\n","protected":false},"featured_media":0,"menu_order":0,"template":"","meta":{"_acf_changed":false,"advanced_seo_description":"","jetpack_seo_html_title":"","jetpack_seo_noindex":false},"disciplines":[72],"class_list":["post-56140","cc_event","type-cc_event","status-publish","hentry","disciplines-road-fr"],"acf":[],"jetpack_sharing_enabled":true,"_links":{"self":[{"href":"https:\/\/cyclingcanada.ca\/fr\/wp-json\/wp\/v2\/cc_event\/56140","targetHints":{"allow":["GET"]}}],"collection":[{"href":"https:\/\/cyclingcanada.ca\/fr\/wp-json\/wp\/v2\/cc_event"}],"about":[{"href":"https:\/\/cyclingcanada.ca\/fr\/wp-json\/wp\/v2\/types\/cc_event"}],"wp:attachment":[{"href":"https:\/\/cyclingcanada.ca\/fr\/wp-json\/wp\/v2\/media?parent=56140"}],"wp:term":[{"taxonomy":"disciplines","embeddable":true,"href":"https:\/\/cyclingcanada.ca\/fr\/wp-json\/wp\/v2\/disciplines?post=56140"}],"curies":[{"name":"wp","href":"https:\/\/api.w.org\/{rel}","templated":true}]}}