{"id":36616,"date":"2019-05-24T12:15:18","date_gmt":"2019-05-24T16:15:18","guid":{"rendered":"https:\/\/ffq.enp.mybluehost.me\/national-team\/"},"modified":"2026-03-30T17:53:47","modified_gmt":"2026-03-30T21:53:47","slug":"equipe-nationale","status":"publish","type":"page","link":"https:\/\/cyclingcanada.ca\/fr\/equipe-nationale\/","title":{"rendered":"\u00c9quipe nationale"},"content":{"rendered":"\n<div class=\"wp-block-cover alignfull is-light has-custom-content-position is-position-bottom-center\" style=\"margin-top:0;margin-bottom:0;padding-bottom:var(--wp--preset--spacing--x-large);min-height:500px;aspect-ratio:unset;\"><img width=\"2560\" height=\"1707\" src=\"https:\/\/cyclingcanada.ca\/wp-content\/uploads\/2026\/03\/National-Team-Option-3-scaled.jpg\" class=\"wp-block-cover__image-background wp-post-image\" alt=\"\" data-object-fit=\"cover\" decoding=\"async\" fetchpriority=\"high\" srcset=\"https:\/\/cyclingcanada.ca\/wp-content\/uploads\/2026\/03\/National-Team-Option-3-scaled.jpg 2560w, https:\/\/cyclingcanada.ca\/wp-content\/uploads\/2026\/03\/National-Team-Option-3-640x427.jpg 640w, https:\/\/cyclingcanada.ca\/wp-content\/uploads\/2026\/03\/National-Team-Option-3-1280x853.jpg 1280w, https:\/\/cyclingcanada.ca\/wp-content\/uploads\/2026\/03\/National-Team-Option-3-768x512.jpg 768w, https:\/\/cyclingcanada.ca\/wp-content\/uploads\/2026\/03\/National-Team-Option-3-1536x1024.jpg 1536w, https:\/\/cyclingcanada.ca\/wp-content\/uploads\/2026\/03\/National-Team-Option-3-2048x1365.jpg 2048w\" sizes=\"(max-width: 2560px) 100vw, 2560px\" \/><span aria-hidden=\"true\" class=\"wp-block-cover__background has-background-dim-0 has-background-dim\"><\/span><div class=\"wp-block-cover__inner-container is-layout-flow wp-block-cover-is-layout-flow\">\n<div class=\"wp-block-group has-global-padding is-layout-constrained wp-block-group-is-layout-constrained\">\n<div class=\"wp-block-group alignwide is-nowrap is-layout-flex wp-container-core-group-is-layout-6c531013 wp-block-group-is-layout-flex\">\n<h1 class=\"wp-block-heading has-text-align-left is-style-hero-heading has-primary-color has-white-background-color has-text-color has-background has-link-color has-xx-large-font-size wp-elements-9c462579d45bb6671efe93679b9c7a16\" style=\"margin-left:-375px;padding-top:5px;padding-right:45px;padding-bottom:5px;padding-left:380px\">\u00c9quipe nationale<\/h1>\n<\/div>\n<\/div>\n<\/div><\/div>\n\n\n\n<div class=\"wp-block-group alignwide is-layout-flow wp-block-group-is-layout-flow\" style=\"padding-top:var(--wp--preset--spacing--x-large);padding-bottom:var(--wp--preset--spacing--x-large)\">\n<p class=\"has-primary-color has-text-color has-link-color wp-elements-cade709334e201a77bdc693498576409\"><strong>Un sport, une \u00e9quipe. <\/strong><\/p>\n\n\n\n<p>L\u2019\u00e9quipe nationale canadienne de cyclisme est compos\u00e9e d\u2019athl\u00e8tes de toutes les disciplines qui repr\u00e9sentent la feuille d\u2019\u00e9rable aux comp\u00e9titions internationales, aux Championnats du Monde et aux Jeux majeurs.<\/p>\n\n\n\n<div style=\"height:var(--wp--preset--spacing--medium)\" aria-hidden=\"true\" class=\"wp-block-spacer\"><\/div>\n\n\n\n<h4 class=\"wp-block-heading has-primary-color has-text-color has-link-color wp-elements-f02a9236fabb4af4354f58eccd850c72\"><strong>Athl\u00e8tes<\/strong><\/h4>\n\n\n<div class=\"athletes-grid align wp-block-acf-athletes\">\t\t<div class=\"athlete-card-container\">\n\t\t\t<div class=\"athlete-card\">\n\t\t\t\t<!-- Front of card -->\n\t\t\t\t<div class=\"athlete-card-front\">\n\t\t\t\t\t\t\t\t\t\t\t<div class=\"athlete-image\">\n\t\t\t\t\t\t\t\t\t\t\t\t\t\t<img loading=\"lazy\" decoding=\"async\" width=\"300\" height=\"272\" src=\"https:\/\/cyclingcanada.ca\/wp-content\/uploads\/2019\/05\/1000-7-e1562609061141-300x272.jpg\" class=\"attachment-medium size-medium\" alt=\"\" srcset=\"https:\/\/cyclingcanada.ca\/wp-content\/uploads\/2019\/05\/1000-7-e1562609061141-300x272.jpg 300w, https:\/\/cyclingcanada.ca\/wp-content\/uploads\/2019\/05\/1000-7-e1562609061141.jpg 414w\" sizes=\"auto, (max-width: 300px) 100vw, 300px\" \/>\t\t\t\t\t\t<\/div>\n\t\t\t\t\t\t\t\t\t\t<h3>Alison Jackson<\/h3>\n\t\t\t\t<\/div>\n\n\t\t\t\t<!-- Back of card -->\n\t\t\t\t<div class=\"athlete-card-back\">\n\t\t\t\t\t<div class=\"athlete-card-back-inner\">\n\t\t\t\t\t\t\t\t\t\t\t\t\t<p class=\"dob\"><strong>Date de Naissance:<\/strong> 14\/12\/1988<\/p>\n\t\t\t\t\t\t\n\t\t\t\t\t\t\t\t\t\t\t\t\t<p class=\"hometown\"><strong>Ville natale:<\/strong> Vermilion\t\t\t\t\t\t\t\t, AB\t\t\t\t\t\t\t<\/p>\n\t\t\t\t\t\t\n\t\t\t\t\t\t\t\t\t\t\t\t\t<p class=\"residence\"><strong>R\u00e9sidence:<\/strong> Vermilion\t\t\t\t\t\t\t\t, AB\t\t\t\t\t\t\t<\/p>\n\t\t\t\t\t\t\n\t\t\t\t\t\t\t\t\t\t\t\t\t<p class=\"discipline\"><strong>Discipline:<\/strong> Road\t\t\t\t\t\t\t\t\t\t\t\t\t\t\t<\/p>\n\t\t\t\t\t\t\n\t\t\t\t\t\t\t\t\t\t\t\t\t<p class=\"team\"><strong>\u00c9quipe:<\/strong> Liv Racing<\/p>\n\t\t\t\t\t\t\t\t\t\t\t<\/div>\n\t\t\t\t<\/div>\n\t\t\t<\/div>\n\t\t<\/div>\n\t\t\t\t<div class=\"athlete-card-container\">\n\t\t\t<div class=\"athlete-card\">\n\t\t\t\t<!-- Front of card -->\n\t\t\t\t<div class=\"athlete-card-front\">\n\t\t\t\t\t\t\t\t\t\t\t<div class=\"athlete-image\">\n\t\t\t\t\t\t\t\t\t\t\t\t\t\t<img loading=\"lazy\" decoding=\"async\" width=\"300\" height=\"200\" src=\"https:\/\/cyclingcanada.ca\/wp-content\/uploads\/2022\/12\/CC21_VDSChamps_XCFinals-2076-300x200.jpg\" class=\"attachment-medium size-medium\" alt=\"\" srcset=\"https:\/\/cyclingcanada.ca\/wp-content\/uploads\/2022\/12\/CC21_VDSChamps_XCFinals-2076-300x200.jpg 300w, https:\/\/cyclingcanada.ca\/wp-content\/uploads\/2022\/12\/CC21_VDSChamps_XCFinals-2076-1030x687.jpg 1030w, https:\/\/cyclingcanada.ca\/wp-content\/uploads\/2022\/12\/CC21_VDSChamps_XCFinals-2076-768x512.jpg 768w, https:\/\/cyclingcanada.ca\/wp-content\/uploads\/2022\/12\/CC21_VDSChamps_XCFinals-2076-1536x1024.jpg 1536w, https:\/\/cyclingcanada.ca\/wp-content\/uploads\/2022\/12\/CC21_VDSChamps_XCFinals-2076-scaled.jpg 2048w, https:\/\/cyclingcanada.ca\/wp-content\/uploads\/2022\/12\/CC21_VDSChamps_XCFinals-2076-1500x1000.jpg 1500w, https:\/\/cyclingcanada.ca\/wp-content\/uploads\/2022\/12\/CC21_VDSChamps_XCFinals-2076-705x470.jpg 705w\" sizes=\"auto, (max-width: 300px) 100vw, 300px\" \/>\t\t\t\t\t\t<\/div>\n\t\t\t\t\t\t\t\t\t\t<h3>Carter Woods<\/h3>\n\t\t\t\t<\/div>\n\n\t\t\t\t<!-- Back of card -->\n\t\t\t\t<div class=\"athlete-card-back\">\n\t\t\t\t\t<div class=\"athlete-card-back-inner\">\n\t\t\t\t\t\t\t\t\t\t\t\t\t<p class=\"dob\"><strong>Date de Naissance:<\/strong> 21\/12\/2001<\/p>\n\t\t\t\t\t\t\n\t\t\t\t\t\t\t\t\t\t\t\t\t<p class=\"hometown\"><strong>Ville natale:<\/strong> Cumberland \t\t\t\t\t\t\t\t, BC\t\t\t\t\t\t\t<\/p>\n\t\t\t\t\t\t\n\t\t\t\t\t\t\t\t\t\t\t\t\t<p class=\"residence\"><strong>R\u00e9sidence:<\/strong> Cumberland\t\t\t\t\t\t\t\t, BC\t\t\t\t\t\t\t<\/p>\n\t\t\t\t\t\t\n\t\t\t\t\t\t\t\t\t\t\t\t\t<p class=\"discipline\"><strong>Discipline:<\/strong> Mountain Bike\t\t\t\t\t\t\t\t &#8211; XCO\t\t\t\t\t\t\t<\/p>\n\t\t\t\t\t\t\n\t\t\t\t\t\t\t\t\t\t\t<\/div>\n\t\t\t\t<\/div>\n\t\t\t<\/div>\n\t\t<\/div>\n\t\t\t\t<div class=\"athlete-card-container\">\n\t\t\t<div class=\"athlete-card\">\n\t\t\t\t<!-- Front of card -->\n\t\t\t\t<div class=\"athlete-card-front\">\n\t\t\t\t\t\t\t\t\t\t\t<div class=\"athlete-image\">\n\t\t\t\t\t\t\t\t\t\t\t\t\t\t<img loading=\"lazy\" decoding=\"async\" width=\"640\" height=\"784\" src=\"https:\/\/cyclingcanada.ca\/wp-content\/uploads\/2019\/05\/AW6_1234-640x784.avif\" class=\"attachment-medium size-medium\" alt=\"Derek Gee\" srcset=\"https:\/\/cyclingcanada.ca\/wp-content\/uploads\/2019\/05\/AW6_1234-640x784.avif 640w, https:\/\/cyclingcanada.ca\/wp-content\/uploads\/2019\/05\/AW6_1234.avif 658w\" sizes=\"auto, (max-width: 640px) 100vw, 640px\" \/>\t\t\t\t\t\t<\/div>\n\t\t\t\t\t\t\t\t\t\t<h3>Derek Gee<\/h3>\n\t\t\t\t<\/div>\n\n\t\t\t\t<!-- Back of card -->\n\t\t\t\t<div class=\"athlete-card-back\">\n\t\t\t\t\t<div class=\"athlete-card-back-inner\">\n\t\t\t\t\t\t\t\t\t\t\t\t\t<p class=\"dob\"><strong>Date de Naissance:<\/strong> 03\/08\/1997<\/p>\n\t\t\t\t\t\t\n\t\t\t\t\t\t\t\t\t\t\t\t\t<p class=\"hometown\"><strong>Ville natale:<\/strong> Osgoode\t\t\t\t\t\t\t\t, ON\t\t\t\t\t\t\t<\/p>\n\t\t\t\t\t\t\n\t\t\t\t\t\t\t\t\t\t\t\t\t<p class=\"residence\"><strong>R\u00e9sidence:<\/strong> Ottawa\t\t\t\t\t\t\t\t, ON\t\t\t\t\t\t\t<\/p>\n\t\t\t\t\t\t\n\t\t\t\t\t\t\t\t\t\t\t\t\t<p class=\"discipline\"><strong>Discipline:<\/strong> Road\t\t\t\t\t\t\t\t\t\t\t\t\t\t\t<\/p>\n\t\t\t\t\t\t\n\t\t\t\t\t\t\t\t\t\t\t\t\t<p class=\"team\"><strong>\u00c9quipe:<\/strong> Israel-Premier Tech<\/p>\n\t\t\t\t\t\t\t\t\t\t\t<\/div>\n\t\t\t\t<\/div>\n\t\t\t<\/div>\n\t\t<\/div>\n\t\t\t\t<div class=\"athlete-card-container\">\n\t\t\t<div class=\"athlete-card\">\n\t\t\t\t<!-- Front of card -->\n\t\t\t\t<div class=\"athlete-card-front\">\n\t\t\t\t\t\t\t\t\t\t\t<div class=\"athlete-image\">\n\t\t\t\t\t\t\t\t\t\t\t\t\t\t<img loading=\"lazy\" decoding=\"async\" width=\"300\" height=\"300\" src=\"https:\/\/cyclingcanada.ca\/wp-content\/uploads\/2022\/12\/Dylan-Bibic-by-Alex-Whitehead-SWpix.com_-300x300.jpg\" class=\"attachment-medium size-medium\" alt=\"Headshot of a Canadian athlete\" srcset=\"https:\/\/cyclingcanada.ca\/wp-content\/uploads\/2022\/12\/Dylan-Bibic-by-Alex-Whitehead-SWpix.com_-300x300.jpg 300w, https:\/\/cyclingcanada.ca\/wp-content\/uploads\/2022\/12\/Dylan-Bibic-by-Alex-Whitehead-SWpix.com_-1030x1030.jpg 1030w, https:\/\/cyclingcanada.ca\/wp-content\/uploads\/2022\/12\/Dylan-Bibic-by-Alex-Whitehead-SWpix.com_-80x80.jpg 80w, https:\/\/cyclingcanada.ca\/wp-content\/uploads\/2022\/12\/Dylan-Bibic-by-Alex-Whitehead-SWpix.com_-768x768.jpg 768w, https:\/\/cyclingcanada.ca\/wp-content\/uploads\/2022\/12\/Dylan-Bibic-by-Alex-Whitehead-SWpix.com_-1536x1536.jpg 1536w, https:\/\/cyclingcanada.ca\/wp-content\/uploads\/2022\/12\/Dylan-Bibic-by-Alex-Whitehead-SWpix.com_-scaled.jpg 2048w, https:\/\/cyclingcanada.ca\/wp-content\/uploads\/2022\/12\/Dylan-Bibic-by-Alex-Whitehead-SWpix.com_-36x36.jpg 36w, https:\/\/cyclingcanada.ca\/wp-content\/uploads\/2022\/12\/Dylan-Bibic-by-Alex-Whitehead-SWpix.com_-180x180.jpg 180w, https:\/\/cyclingcanada.ca\/wp-content\/uploads\/2022\/12\/Dylan-Bibic-by-Alex-Whitehead-SWpix.com_-1500x1500.jpg 1500w, https:\/\/cyclingcanada.ca\/wp-content\/uploads\/2022\/12\/Dylan-Bibic-by-Alex-Whitehead-SWpix.com_-705x705.jpg 705w\" sizes=\"auto, (max-width: 300px) 100vw, 300px\" \/>\t\t\t\t\t\t<\/div>\n\t\t\t\t\t\t\t\t\t\t<h3>Dylan Bibic<\/h3>\n\t\t\t\t<\/div>\n\n\t\t\t\t<!-- Back of card -->\n\t\t\t\t<div class=\"athlete-card-back\">\n\t\t\t\t\t<div class=\"athlete-card-back-inner\">\n\t\t\t\t\t\t\t\t\t\t\t\t\t<p class=\"dob\"><strong>Date de Naissance:<\/strong> 03\/08\/2003<\/p>\n\t\t\t\t\t\t\n\t\t\t\t\t\t\t\t\t\t\t\t\t<p class=\"hometown\"><strong>Ville natale:<\/strong> Mississauga\t\t\t\t\t\t\t\t, ON\t\t\t\t\t\t\t<\/p>\n\t\t\t\t\t\t\n\t\t\t\t\t\t\t\t\t\t\t\t\t<p class=\"residence\"><strong>R\u00e9sidence:<\/strong> Mississauga\t\t\t\t\t\t\t\t, ON\t\t\t\t\t\t\t<\/p>\n\t\t\t\t\t\t\n\t\t\t\t\t\t\t\t\t\t\t\t\t<p class=\"discipline\"><strong>Discipline:<\/strong> Track\t\t\t\t\t\t\t\t &#8211; Men&#039;s Track Endurance\t\t\t\t\t\t\t<\/p>\n\t\t\t\t\t\t\n\t\t\t\t\t\t\t\t\t\t\t<\/div>\n\t\t\t\t<\/div>\n\t\t\t<\/div>\n\t\t<\/div>\n\t\t\t\t<div class=\"athlete-card-container\">\n\t\t\t<div class=\"athlete-card\">\n\t\t\t\t<!-- Front of card -->\n\t\t\t\t<div class=\"athlete-card-front\">\n\t\t\t\t\t\t\t\t\t\t\t<div class=\"athlete-image\">\n\t\t\t\t\t\t\t\t\t\t\t\t\t\t<img loading=\"lazy\" decoding=\"async\" width=\"264\" height=\"300\" src=\"https:\/\/cyclingcanada.ca\/wp-content\/uploads\/2019\/04\/CC_NationalTeam_MountainBike_IlesF_New-264x300.jpg\" class=\"attachment-medium size-medium\" alt=\"\" srcset=\"https:\/\/cyclingcanada.ca\/wp-content\/uploads\/2019\/04\/CC_NationalTeam_MountainBike_IlesF_New-264x300.jpg 264w, https:\/\/cyclingcanada.ca\/wp-content\/uploads\/2019\/04\/CC_NationalTeam_MountainBike_IlesF_New.jpg 299w\" sizes=\"auto, (max-width: 264px) 100vw, 264px\" \/>\t\t\t\t\t\t<\/div>\n\t\t\t\t\t\t\t\t\t\t<h3>Finn Iles<\/h3>\n\t\t\t\t<\/div>\n\n\t\t\t\t<!-- Back of card -->\n\t\t\t\t<div class=\"athlete-card-back\">\n\t\t\t\t\t<div class=\"athlete-card-back-inner\">\n\t\t\t\t\t\t\t\t\t\t\t\t\t<p class=\"dob\"><strong>Date de Naissance:<\/strong> 15\/08\/1999<\/p>\n\t\t\t\t\t\t\n\t\t\t\t\t\t\t\t\t\t\t\t\t<p class=\"hometown\"><strong>Ville natale:<\/strong> Whistler\t\t\t\t\t\t\t\t, BC\t\t\t\t\t\t\t<\/p>\n\t\t\t\t\t\t\n\t\t\t\t\t\t\t\t\t\t\t\t\t<p class=\"residence\"><strong>R\u00e9sidence:<\/strong> Whistler\t\t\t\t\t\t\t\t, BC\t\t\t\t\t\t\t<\/p>\n\t\t\t\t\t\t\n\t\t\t\t\t\t\t\t\t\t\t\t\t<p class=\"discipline\"><strong>Discipline:<\/strong> Mountain Bike\t\t\t\t\t\t\t\t &#8211; DH\t\t\t\t\t\t\t<\/p>\n\t\t\t\t\t\t\n\t\t\t\t\t\t\t\t\t\t\t\t\t<p class=\"team\"><strong>\u00c9quipe:<\/strong> Specialized Gravity<\/p>\n\t\t\t\t\t\t\t\t\t\t\t<\/div>\n\t\t\t\t<\/div>\n\t\t\t<\/div>\n\t\t<\/div>\n\t\t\t\t<div class=\"athlete-card-container\">\n\t\t\t<div class=\"athlete-card\">\n\t\t\t\t<!-- Front of card -->\n\t\t\t\t<div class=\"athlete-card-front\">\n\t\t\t\t\t\t\t\t\t\t\t<div class=\"athlete-image\">\n\t\t\t\t\t\t\t\t\t\t\t\t\t\t<img loading=\"lazy\" decoding=\"async\" width=\"300\" height=\"200\" src=\"https:\/\/cyclingcanada.ca\/wp-content\/uploads\/2022\/12\/CC22_Lourdes-9916-300x200.jpg\" class=\"attachment-medium size-medium\" alt=\"Headshot of Gracey Hemstreet\" srcset=\"https:\/\/cyclingcanada.ca\/wp-content\/uploads\/2022\/12\/CC22_Lourdes-9916-300x200.jpg 300w, https:\/\/cyclingcanada.ca\/wp-content\/uploads\/2022\/12\/CC22_Lourdes-9916-1030x687.jpg 1030w, https:\/\/cyclingcanada.ca\/wp-content\/uploads\/2022\/12\/CC22_Lourdes-9916-768x512.jpg 768w, https:\/\/cyclingcanada.ca\/wp-content\/uploads\/2022\/12\/CC22_Lourdes-9916-1536x1025.jpg 1536w, https:\/\/cyclingcanada.ca\/wp-content\/uploads\/2022\/12\/CC22_Lourdes-9916-scaled.jpg 2048w, https:\/\/cyclingcanada.ca\/wp-content\/uploads\/2022\/12\/CC22_Lourdes-9916-1500x1001.jpg 1500w, https:\/\/cyclingcanada.ca\/wp-content\/uploads\/2022\/12\/CC22_Lourdes-9916-705x470.jpg 705w\" sizes=\"auto, (max-width: 300px) 100vw, 300px\" \/>\t\t\t\t\t\t<\/div>\n\t\t\t\t\t\t\t\t\t\t<h3>Gracey Hemstreet<\/h3>\n\t\t\t\t<\/div>\n\n\t\t\t\t<!-- Back of card -->\n\t\t\t\t<div class=\"athlete-card-back\">\n\t\t\t\t\t<div class=\"athlete-card-back-inner\">\n\t\t\t\t\t\t\t\t\t\t\t\t\t<p class=\"dob\"><strong>Date de Naissance:<\/strong> 18\/11\/2004<\/p>\n\t\t\t\t\t\t\n\t\t\t\t\t\t\t\t\t\t\t\t\t<p class=\"hometown\"><strong>Ville natale:<\/strong> Sechelt\t\t\t\t\t\t\t\t, BC\t\t\t\t\t\t\t<\/p>\n\t\t\t\t\t\t\n\t\t\t\t\t\t\t\t\t\t\t\t\t<p class=\"residence\"><strong>R\u00e9sidence:<\/strong> Sechelt\t\t\t\t\t\t\t\t, BC\t\t\t\t\t\t\t<\/p>\n\t\t\t\t\t\t\n\t\t\t\t\t\t\t\t\t\t\t\t\t<p class=\"discipline\"><strong>Discipline:<\/strong> Mountain Bike\t\t\t\t\t\t\t\t &#8211; DH\t\t\t\t\t\t\t<\/p>\n\t\t\t\t\t\t\n\t\t\t\t\t\t\t\t\t\t\t<\/div>\n\t\t\t\t<\/div>\n\t\t\t<\/div>\n\t\t<\/div>\n\t\t\t\t<div class=\"athlete-card-container\">\n\t\t\t<div class=\"athlete-card\">\n\t\t\t\t<!-- Front of card -->\n\t\t\t\t<div class=\"athlete-card-front\">\n\t\t\t\t\t\t\t\t\t\t\t<div class=\"athlete-image\">\n\t\t\t\t\t\t\t\t\t\t\t\t\t\t<img loading=\"lazy\" decoding=\"async\" width=\"640\" height=\"975\" src=\"https:\/\/cyclingcanada.ca\/wp-content\/uploads\/2025\/05\/AW7_0218-640x975.avif\" class=\"attachment-medium size-medium\" alt=\"\" srcset=\"https:\/\/cyclingcanada.ca\/wp-content\/uploads\/2025\/05\/AW7_0218-640x975.avif 640w, https:\/\/cyclingcanada.ca\/wp-content\/uploads\/2025\/05\/AW7_0218.avif 723w\" sizes=\"auto, (max-width: 640px) 100vw, 640px\" \/>\t\t\t\t\t\t<\/div>\n\t\t\t\t\t\t\t\t\t\t<h3>Isabella Holmgren<\/h3>\n\t\t\t\t<\/div>\n\n\t\t\t\t<!-- Back of card -->\n\t\t\t\t<div class=\"athlete-card-back\">\n\t\t\t\t\t<div class=\"athlete-card-back-inner\">\n\t\t\t\t\t\t\t\t\t\t\t\t\t<p class=\"dob\"><strong>Date de Naissance:<\/strong> 22\/05\/2005<\/p>\n\t\t\t\t\t\t\n\t\t\t\t\t\t\t\t\t\t\t\t\t<p class=\"hometown\"><strong>Ville natale:<\/strong> Orillia\t\t\t\t\t\t\t\t, ON\t\t\t\t\t\t\t<\/p>\n\t\t\t\t\t\t\n\t\t\t\t\t\t\t\t\t\t\t\t\t<p class=\"residence\"><strong>R\u00e9sidence:<\/strong> Orillia\t\t\t\t\t\t\t\t, ON\t\t\t\t\t\t\t<\/p>\n\t\t\t\t\t\t\n\t\t\t\t\t\t\t\t\t\t\t\t\t<p class=\"discipline\"><strong>Discipline:<\/strong> Mountain Bike\t\t\t\t\t\t\t\t\t\t\t\t\t\t\t<\/p>\n\t\t\t\t\t\t\n\t\t\t\t\t\t\t\t\t\t\t\t\t<p class=\"team\"><strong>\u00c9quipe:<\/strong> Lidl-Trek \/ Women<\/p>\n\t\t\t\t\t\t\t\t\t\t\t<\/div>\n\t\t\t\t<\/div>\n\t\t\t<\/div>\n\t\t<\/div>\n\t\t\t\t<div class=\"athlete-card-container\">\n\t\t\t<div class=\"athlete-card\">\n\t\t\t\t<!-- Front of card -->\n\t\t\t\t<div class=\"athlete-card-front\">\n\t\t\t\t\t\t\t\t\t\t\t<div class=\"athlete-image\">\n\t\t\t\t\t\t\t\t\t\t\t\t\t\t<img loading=\"lazy\" decoding=\"async\" width=\"234\" height=\"300\" src=\"https:\/\/cyclingcanada.ca\/wp-content\/uploads\/2022\/12\/Jackson_Goldstone_Press_Release-202208161029-234x300.jpeg\" class=\"attachment-medium size-medium\" alt=\"athlete with helmet and bike\" srcset=\"https:\/\/cyclingcanada.ca\/wp-content\/uploads\/2022\/12\/Jackson_Goldstone_Press_Release-202208161029-234x300.jpeg 234w, https:\/\/cyclingcanada.ca\/wp-content\/uploads\/2022\/12\/Jackson_Goldstone_Press_Release-202208161029-803x1030.jpeg 803w, https:\/\/cyclingcanada.ca\/wp-content\/uploads\/2022\/12\/Jackson_Goldstone_Press_Release-202208161029-768x986.jpeg 768w, https:\/\/cyclingcanada.ca\/wp-content\/uploads\/2022\/12\/Jackson_Goldstone_Press_Release-202208161029-549x705.jpeg 549w, https:\/\/cyclingcanada.ca\/wp-content\/uploads\/2022\/12\/Jackson_Goldstone_Press_Release-202208161029.jpeg 1154w\" sizes=\"auto, (max-width: 234px) 100vw, 234px\" \/>\t\t\t\t\t\t<\/div>\n\t\t\t\t\t\t\t\t\t\t<h3>Jackson Goldstone<\/h3>\n\t\t\t\t<\/div>\n\n\t\t\t\t<!-- Back of card -->\n\t\t\t\t<div class=\"athlete-card-back\">\n\t\t\t\t\t<div class=\"athlete-card-back-inner\">\n\t\t\t\t\t\t\t\t\t\t\t\t\t<p class=\"dob\"><strong>Date de Naissance:<\/strong> 10\/02\/2004<\/p>\n\t\t\t\t\t\t\n\t\t\t\t\t\t\t\t\t\t\t\t\t<p class=\"hometown\"><strong>Ville natale:<\/strong> Squamish\t\t\t\t\t\t\t\t, BC\t\t\t\t\t\t\t<\/p>\n\t\t\t\t\t\t\n\t\t\t\t\t\t\t\t\t\t\t\t\t<p class=\"residence\"><strong>R\u00e9sidence:<\/strong> Squamish\t\t\t\t\t\t\t\t, BC\t\t\t\t\t\t\t<\/p>\n\t\t\t\t\t\t\n\t\t\t\t\t\t\t\t\t\t\t\t\t<p class=\"discipline\"><strong>Discipline:<\/strong> Mountain Bike\t\t\t\t\t\t\t\t &#8211; DH\t\t\t\t\t\t\t<\/p>\n\t\t\t\t\t\t\n\t\t\t\t\t\t\t\t\t\t\t<\/div>\n\t\t\t\t<\/div>\n\t\t\t<\/div>\n\t\t<\/div>\n\t\t\t\t<div class=\"athlete-card-container\">\n\t\t\t<div class=\"athlete-card\">\n\t\t\t\t<!-- Front of card -->\n\t\t\t\t<div class=\"athlete-card-front\">\n\t\t\t\t\t\t\t\t\t\t\t<div class=\"athlete-image\">\n\t\t\t\t\t\t\t\t\t\t\t\t\t\t<img loading=\"lazy\" decoding=\"async\" width=\"240\" height=\"300\" src=\"https:\/\/cyclingcanada.ca\/wp-content\/uploads\/2019\/05\/21-02-18_FF_BVC_ParaCycling-33-240x300.jpg\" class=\"attachment-medium size-medium\" alt=\"\" srcset=\"https:\/\/cyclingcanada.ca\/wp-content\/uploads\/2019\/05\/21-02-18_FF_BVC_ParaCycling-33-240x300.jpg 240w, https:\/\/cyclingcanada.ca\/wp-content\/uploads\/2019\/05\/21-02-18_FF_BVC_ParaCycling-33.jpg 480w\" sizes=\"auto, (max-width: 240px) 100vw, 240px\" \/>\t\t\t\t\t\t<\/div>\n\t\t\t\t\t\t\t\t\t\t<h3>Kate O\u2019Brien<\/h3>\n\t\t\t\t<\/div>\n\n\t\t\t\t<!-- Back of card -->\n\t\t\t\t<div class=\"athlete-card-back\">\n\t\t\t\t\t<div class=\"athlete-card-back-inner\">\n\t\t\t\t\t\t\t\t\t\t\t\t\t<p class=\"dob\"><strong>Date de Naissance:<\/strong> 23\/07\/1988<\/p>\n\t\t\t\t\t\t\n\t\t\t\t\t\t\t\t\t\t\t\t\t<p class=\"hometown\"><strong>Ville natale:<\/strong> Calgary\t\t\t\t\t\t\t\t, AB\t\t\t\t\t\t\t<\/p>\n\t\t\t\t\t\t\n\t\t\t\t\t\t\t\t\t\t\t\t\t<p class=\"residence\"><strong>R\u00e9sidence:<\/strong> Calgary\t\t\t\t\t\t\t\t, AB\t\t\t\t\t\t\t<\/p>\n\t\t\t\t\t\t\n\t\t\t\t\t\t\t\t\t\t\t\t\t<p class=\"discipline\"><strong>Discipline:<\/strong> Para-Cycling\t\t\t\t\t\t\t\t &#8211; C4\t\t\t\t\t\t\t<\/p>\n\t\t\t\t\t\t\n\t\t\t\t\t\t\t\t\t\t\t<\/div>\n\t\t\t\t<\/div>\n\t\t\t<\/div>\n\t\t<\/div>\n\t\t\t\t<div class=\"athlete-card-container\">\n\t\t\t<div class=\"athlete-card\">\n\t\t\t\t<!-- Front of card -->\n\t\t\t\t<div class=\"athlete-card-front\">\n\t\t\t\t\t\t\t\t\t\t\t<div class=\"athlete-image\">\n\t\t\t\t\t\t\t\t\t\t\t\t\t\t<img loading=\"lazy\" decoding=\"async\" width=\"300\" height=\"229\" src=\"https:\/\/cyclingcanada.ca\/wp-content\/uploads\/2019\/04\/Screen-Shot-2020-02-12-at-5.44.40-PM-300x229.png\" class=\"attachment-medium size-medium\" alt=\"\" srcset=\"https:\/\/cyclingcanada.ca\/wp-content\/uploads\/2019\/04\/Screen-Shot-2020-02-12-at-5.44.40-PM-300x229.png 300w, https:\/\/cyclingcanada.ca\/wp-content\/uploads\/2019\/04\/Screen-Shot-2020-02-12-at-5.44.40-PM-1030x786.png 1030w, https:\/\/cyclingcanada.ca\/wp-content\/uploads\/2019\/04\/Screen-Shot-2020-02-12-at-5.44.40-PM-768x586.png 768w, https:\/\/cyclingcanada.ca\/wp-content\/uploads\/2019\/04\/Screen-Shot-2020-02-12-at-5.44.40-PM-1536x1172.png 1536w, https:\/\/cyclingcanada.ca\/wp-content\/uploads\/2019\/04\/Screen-Shot-2020-02-12-at-5.44.40-PM.png 1652w\" sizes=\"auto, (max-width: 300px) 100vw, 300px\" \/>\t\t\t\t\t\t<\/div>\n\t\t\t\t\t\t\t\t\t\t<h3>Keely Shaw<\/h3>\n\t\t\t\t<\/div>\n\n\t\t\t\t<!-- Back of card -->\n\t\t\t\t<div class=\"athlete-card-back\">\n\t\t\t\t\t<div class=\"athlete-card-back-inner\">\n\t\t\t\t\t\t\t\t\t\t\t\t\t<p class=\"dob\"><strong>Date de Naissance:<\/strong> 18\/07\/1994<\/p>\n\t\t\t\t\t\t\n\t\t\t\t\t\t\t\t\t\t\t\t\t<p class=\"hometown\"><strong>Ville natale:<\/strong> Saskatoon\t\t\t\t\t\t\t\t, SK\t\t\t\t\t\t\t<\/p>\n\t\t\t\t\t\t\n\t\t\t\t\t\t\t\t\t\t\t\t\t<p class=\"residence\"><strong>R\u00e9sidence:<\/strong> Saskatoon\t\t\t\t\t\t\t\t, SK\t\t\t\t\t\t\t<\/p>\n\t\t\t\t\t\t\n\t\t\t\t\t\t\t\t\t\t\t\t\t<p class=\"discipline\"><strong>Discipline:<\/strong> Para-Cycling\t\t\t\t\t\t\t\t &#8211; C4\t\t\t\t\t\t\t<\/p>\n\t\t\t\t\t\t\n\t\t\t\t\t\t\t\t\t\t\t<\/div>\n\t\t\t\t<\/div>\n\t\t\t<\/div>\n\t\t<\/div>\n\t\t\t\t<div class=\"athlete-card-container\">\n\t\t\t<div class=\"athlete-card\">\n\t\t\t\t<!-- Front of card -->\n\t\t\t\t<div class=\"athlete-card-front\">\n\t\t\t\t\t\t\t\t\t\t\t<div class=\"athlete-image\">\n\t\t\t\t\t\t\t\t\t\t\t\t\t\t<img loading=\"lazy\" decoding=\"async\" width=\"265\" height=\"300\" src=\"https:\/\/cyclingcanada.ca\/wp-content\/uploads\/2019\/05\/CC_athlete_Kelsey_Mitchell-265x300.png\" class=\"attachment-medium size-medium\" alt=\"\" srcset=\"https:\/\/cyclingcanada.ca\/wp-content\/uploads\/2019\/05\/CC_athlete_Kelsey_Mitchell-265x300.png 265w, https:\/\/cyclingcanada.ca\/wp-content\/uploads\/2019\/05\/CC_athlete_Kelsey_Mitchell.png 600w\" sizes=\"auto, (max-width: 265px) 100vw, 265px\" \/>\t\t\t\t\t\t<\/div>\n\t\t\t\t\t\t\t\t\t\t<h3>Kelsey Mitchell<\/h3>\n\t\t\t\t<\/div>\n\n\t\t\t\t<!-- Back of card -->\n\t\t\t\t<div class=\"athlete-card-back\">\n\t\t\t\t\t<div class=\"athlete-card-back-inner\">\n\t\t\t\t\t\t\t\t\t\t\t\t\t<p class=\"dob\"><strong>Date de Naissance:<\/strong> 26\/11\/1993<\/p>\n\t\t\t\t\t\t\n\t\t\t\t\t\t\t\t\t\t\t\t\t<p class=\"hometown\"><strong>Ville natale:<\/strong> Sherwood Park\t\t\t\t\t\t\t\t, AB\t\t\t\t\t\t\t<\/p>\n\t\t\t\t\t\t\n\t\t\t\t\t\t\t\t\t\t\t\t\t<p class=\"residence\"><strong>R\u00e9sidence:<\/strong> Sherwood Park\t\t\t\t\t\t\t\t, AB\t\t\t\t\t\t\t<\/p>\n\t\t\t\t\t\t\n\t\t\t\t\t\t\t\t\t\t\t\t\t<p class=\"discipline\"><strong>Discipline:<\/strong> Track\t\t\t\t\t\t\t\t &#8211; Sprint\t\t\t\t\t\t\t<\/p>\n\t\t\t\t\t\t\n\t\t\t\t\t\t\t\t\t\t\t<\/div>\n\t\t\t\t<\/div>\n\t\t\t<\/div>\n\t\t<\/div>\n\t\t\t\t<div class=\"athlete-card-container\">\n\t\t\t<div class=\"athlete-card\">\n\t\t\t\t<!-- Front of card -->\n\t\t\t\t<div class=\"athlete-card-front\">\n\t\t\t\t\t\t\t\t\t\t\t<div class=\"athlete-image\">\n\t\t\t\t\t\t\t\t\t\t\t\t\t\t<img loading=\"lazy\" decoding=\"async\" width=\"265\" height=\"300\" src=\"https:\/\/cyclingcanada.ca\/wp-content\/uploads\/2019\/05\/CC_athlete_Lauriane_Genest-265x300.png\" class=\"attachment-medium size-medium\" alt=\"\" srcset=\"https:\/\/cyclingcanada.ca\/wp-content\/uploads\/2019\/05\/CC_athlete_Lauriane_Genest-265x300.png 265w, https:\/\/cyclingcanada.ca\/wp-content\/uploads\/2019\/05\/CC_athlete_Lauriane_Genest.png 600w\" sizes=\"auto, (max-width: 265px) 100vw, 265px\" \/>\t\t\t\t\t\t<\/div>\n\t\t\t\t\t\t\t\t\t\t<h3>Lauriane Genest<\/h3>\n\t\t\t\t<\/div>\n\n\t\t\t\t<!-- Back of card -->\n\t\t\t\t<div class=\"athlete-card-back\">\n\t\t\t\t\t<div class=\"athlete-card-back-inner\">\n\t\t\t\t\t\t\t\t\t\t\t\t\t<p class=\"dob\"><strong>Date de Naissance:<\/strong> 28\/05\/1998<\/p>\n\t\t\t\t\t\t\n\t\t\t\t\t\t\t\t\t\t\t\t\t<p class=\"hometown\"><strong>Ville natale:<\/strong> L\u00e9vis\t\t\t\t\t\t\t\t, QC\t\t\t\t\t\t\t<\/p>\n\t\t\t\t\t\t\n\t\t\t\t\t\t\t\t\t\t\t\t\t<p class=\"residence\"><strong>R\u00e9sidence:<\/strong> Milton\t\t\t\t\t\t\t\t, ON\t\t\t\t\t\t\t<\/p>\n\t\t\t\t\t\t\n\t\t\t\t\t\t\t\t\t\t\t\t\t<p class=\"discipline\"><strong>Discipline:<\/strong> Track\t\t\t\t\t\t\t\t &#8211; Sprint\t\t\t\t\t\t\t<\/p>\n\t\t\t\t\t\t\n\t\t\t\t\t\t\t\t\t\t\t<\/div>\n\t\t\t\t<\/div>\n\t\t\t<\/div>\n\t\t<\/div>\n\t\t\t\t<div class=\"athlete-card-container\">\n\t\t\t<div class=\"athlete-card\">\n\t\t\t\t<!-- Front of card -->\n\t\t\t\t<div class=\"athlete-card-front\">\n\t\t\t\t\t\t\t\t\t\t\t<div class=\"athlete-image\">\n\t\t\t\t\t\t\t\t\t\t\t\t\t\t<img loading=\"lazy\" decoding=\"async\" width=\"300\" height=\"300\" src=\"https:\/\/cyclingcanada.ca\/wp-content\/uploads\/2022\/12\/Maggie-Coles-Lyster-by-Alex-Whitehead-SWpix.com_-300x300.jpg\" class=\"attachment-medium size-medium\" alt=\"Headshot of Maggie Coles-Lyster\" srcset=\"https:\/\/cyclingcanada.ca\/wp-content\/uploads\/2022\/12\/Maggie-Coles-Lyster-by-Alex-Whitehead-SWpix.com_-300x300.jpg 300w, https:\/\/cyclingcanada.ca\/wp-content\/uploads\/2022\/12\/Maggie-Coles-Lyster-by-Alex-Whitehead-SWpix.com_-1030x1030.jpg 1030w, https:\/\/cyclingcanada.ca\/wp-content\/uploads\/2022\/12\/Maggie-Coles-Lyster-by-Alex-Whitehead-SWpix.com_-80x80.jpg 80w, https:\/\/cyclingcanada.ca\/wp-content\/uploads\/2022\/12\/Maggie-Coles-Lyster-by-Alex-Whitehead-SWpix.com_-768x768.jpg 768w, https:\/\/cyclingcanada.ca\/wp-content\/uploads\/2022\/12\/Maggie-Coles-Lyster-by-Alex-Whitehead-SWpix.com_-1536x1536.jpg 1536w, https:\/\/cyclingcanada.ca\/wp-content\/uploads\/2022\/12\/Maggie-Coles-Lyster-by-Alex-Whitehead-SWpix.com_-scaled.jpg 2048w, https:\/\/cyclingcanada.ca\/wp-content\/uploads\/2022\/12\/Maggie-Coles-Lyster-by-Alex-Whitehead-SWpix.com_-36x36.jpg 36w, https:\/\/cyclingcanada.ca\/wp-content\/uploads\/2022\/12\/Maggie-Coles-Lyster-by-Alex-Whitehead-SWpix.com_-180x180.jpg 180w, https:\/\/cyclingcanada.ca\/wp-content\/uploads\/2022\/12\/Maggie-Coles-Lyster-by-Alex-Whitehead-SWpix.com_-1500x1500.jpg 1500w, https:\/\/cyclingcanada.ca\/wp-content\/uploads\/2022\/12\/Maggie-Coles-Lyster-by-Alex-Whitehead-SWpix.com_-705x705.jpg 705w\" sizes=\"auto, (max-width: 300px) 100vw, 300px\" \/>\t\t\t\t\t\t<\/div>\n\t\t\t\t\t\t\t\t\t\t<h3>Maggie Coles-Lyster<\/h3>\n\t\t\t\t<\/div>\n\n\t\t\t\t<!-- Back of card -->\n\t\t\t\t<div class=\"athlete-card-back\">\n\t\t\t\t\t<div class=\"athlete-card-back-inner\">\n\t\t\t\t\t\t\t\t\t\t\t\t\t<p class=\"dob\"><strong>Date de Naissance:<\/strong> 12\/02\/2004<\/p>\n\t\t\t\t\t\t\n\t\t\t\t\t\t\t\t\t\t\t\t\t<p class=\"hometown\"><strong>Ville natale:<\/strong> Maple Ridge\t\t\t\t\t\t\t\t, BC\t\t\t\t\t\t\t<\/p>\n\t\t\t\t\t\t\n\t\t\t\t\t\t\t\t\t\t\t\t\t<p class=\"residence\"><strong>R\u00e9sidence:<\/strong> Maple Ridge \t\t\t\t\t\t\t\t, BC\t\t\t\t\t\t\t<\/p>\n\t\t\t\t\t\t\n\t\t\t\t\t\t\t\t\t\t\t\t\t<p class=\"discipline\"><strong>Discipline:<\/strong> Track\t\t\t\t\t\t\t\t &#8211; Women&#039;s Track Endurance\t\t\t\t\t\t\t<\/p>\n\t\t\t\t\t\t\n\t\t\t\t\t\t\t\t\t\t\t<\/div>\n\t\t\t\t<\/div>\n\t\t\t<\/div>\n\t\t<\/div>\n\t\t\t\t<div class=\"athlete-card-container\">\n\t\t\t<div class=\"athlete-card\">\n\t\t\t\t<!-- Front of card -->\n\t\t\t\t<div class=\"athlete-card-front\">\n\t\t\t\t\t\t\t\t\t\t\t<div class=\"athlete-image\">\n\t\t\t\t\t\t\t\t\t\t\t\t\t\t<img loading=\"lazy\" decoding=\"async\" width=\"200\" height=\"300\" src=\"https:\/\/cyclingcanada.ca\/wp-content\/uploads\/2022\/12\/PEMBLE-Mel-WC3_Gold-Medal_Omnium-2-200x300.jpg\" class=\"attachment-medium size-medium\" alt=\"Headshot Mel Pemble\" srcset=\"https:\/\/cyclingcanada.ca\/wp-content\/uploads\/2022\/12\/PEMBLE-Mel-WC3_Gold-Medal_Omnium-2-200x300.jpg 200w, https:\/\/cyclingcanada.ca\/wp-content\/uploads\/2022\/12\/PEMBLE-Mel-WC3_Gold-Medal_Omnium-2-687x1030.jpg 687w, https:\/\/cyclingcanada.ca\/wp-content\/uploads\/2022\/12\/PEMBLE-Mel-WC3_Gold-Medal_Omnium-2-768x1152.jpg 768w, https:\/\/cyclingcanada.ca\/wp-content\/uploads\/2022\/12\/PEMBLE-Mel-WC3_Gold-Medal_Omnium-2-1024x1536.jpg 1024w, https:\/\/cyclingcanada.ca\/wp-content\/uploads\/2022\/12\/PEMBLE-Mel-WC3_Gold-Medal_Omnium-2-scaled.jpg 1365w, https:\/\/cyclingcanada.ca\/wp-content\/uploads\/2022\/12\/PEMBLE-Mel-WC3_Gold-Medal_Omnium-2-1000x1500.jpg 1000w, https:\/\/cyclingcanada.ca\/wp-content\/uploads\/2022\/12\/PEMBLE-Mel-WC3_Gold-Medal_Omnium-2-470x705.jpg 470w\" sizes=\"auto, (max-width: 200px) 100vw, 200px\" \/>\t\t\t\t\t\t<\/div>\n\t\t\t\t\t\t\t\t\t\t<h3>Mel Pemble<\/h3>\n\t\t\t\t<\/div>\n\n\t\t\t\t<!-- Back of card -->\n\t\t\t\t<div class=\"athlete-card-back\">\n\t\t\t\t\t<div class=\"athlete-card-back-inner\">\n\t\t\t\t\t\t\t\t\t\t\t\t\t<p class=\"dob\"><strong>Date de Naissance:<\/strong> 22\/04\/2000<\/p>\n\t\t\t\t\t\t\n\t\t\t\t\t\t\t\t\t\t\t\t\t<p class=\"hometown\"><strong>Ville natale:<\/strong> Victoria\t\t\t\t\t\t\t\t, BC\t\t\t\t\t\t\t<\/p>\n\t\t\t\t\t\t\n\t\t\t\t\t\t\t\t\t\t\t\t\t<p class=\"residence\"><strong>R\u00e9sidence:<\/strong> Victoria\t\t\t\t\t\t\t\t, BC\t\t\t\t\t\t\t<\/p>\n\t\t\t\t\t\t\n\t\t\t\t\t\t\t\t\t\t\t\t\t<p class=\"discipline\"><strong>Discipline:<\/strong> Para-Cycling\t\t\t\t\t\t\t\t &#8211; C3\t\t\t\t\t\t\t<\/p>\n\t\t\t\t\t\t\n\t\t\t\t\t\t\t\t\t\t\t<\/div>\n\t\t\t\t<\/div>\n\t\t\t<\/div>\n\t\t<\/div>\n\t\t\t\t<div class=\"athlete-card-container\">\n\t\t\t<div class=\"athlete-card\">\n\t\t\t\t<!-- Front of card -->\n\t\t\t\t<div class=\"athlete-card-front\">\n\t\t\t\t\t\t\t\t\t\t\t<div class=\"athlete-image\">\n\t\t\t\t\t\t\t\t\t\t\t\t\t\t<img loading=\"lazy\" decoding=\"async\" width=\"225\" height=\"300\" src=\"https:\/\/cyclingcanada.ca\/wp-content\/uploads\/2022\/10\/molly-225x300.jpeg\" class=\"attachment-medium size-medium\" alt=\"\" srcset=\"https:\/\/cyclingcanada.ca\/wp-content\/uploads\/2022\/10\/molly-225x300.jpeg 225w, https:\/\/cyclingcanada.ca\/wp-content\/uploads\/2022\/10\/molly-773x1030.jpeg 773w, https:\/\/cyclingcanada.ca\/wp-content\/uploads\/2022\/10\/molly-768x1024.jpeg 768w, https:\/\/cyclingcanada.ca\/wp-content\/uploads\/2022\/10\/molly-1152x1536.jpeg 1152w, https:\/\/cyclingcanada.ca\/wp-content\/uploads\/2022\/10\/molly-scaled.jpeg 1536w, https:\/\/cyclingcanada.ca\/wp-content\/uploads\/2022\/10\/molly-1125x1500.jpeg 1125w, https:\/\/cyclingcanada.ca\/wp-content\/uploads\/2022\/10\/molly-529x705.jpeg 529w\" sizes=\"auto, (max-width: 225px) 100vw, 225px\" \/>\t\t\t\t\t\t<\/div>\n\t\t\t\t\t\t\t\t\t\t<h3>Molly Simpson<\/h3>\n\t\t\t\t<\/div>\n\n\t\t\t\t<!-- Back of card -->\n\t\t\t\t<div class=\"athlete-card-back\">\n\t\t\t\t\t<div class=\"athlete-card-back-inner\">\n\t\t\t\t\t\t\t\t\t\t\t\t\t<p class=\"dob\"><strong>Date de Naissance:<\/strong> 11\/12\/2002<\/p>\n\t\t\t\t\t\t\n\t\t\t\t\t\t\t\t\t\t\t\t\t<p class=\"hometown\"><strong>Ville natale:<\/strong> Red Deer\t\t\t\t\t\t\t\t, AB\t\t\t\t\t\t\t<\/p>\n\t\t\t\t\t\t\n\t\t\t\t\t\t\t\t\t\t\t\t\t<p class=\"residence\"><strong>R\u00e9sidence:<\/strong> Red Deer \t\t\t\t\t\t\t\t, AB\t\t\t\t\t\t\t<\/p>\n\t\t\t\t\t\t\n\t\t\t\t\t\t\t\t\t\t\t\t\t<p class=\"discipline\"><strong>Discipline:<\/strong> BMX\t\t\t\t\t\t\t\t &#8211; Racing\t\t\t\t\t\t\t<\/p>\n\t\t\t\t\t\t\n\t\t\t\t\t\t\t\t\t\t\t<\/div>\n\t\t\t\t<\/div>\n\t\t\t<\/div>\n\t\t<\/div>\n\t\t\t\t<div class=\"athlete-card-container\">\n\t\t\t<div class=\"athlete-card\">\n\t\t\t\t<!-- Front of card -->\n\t\t\t\t<div class=\"athlete-card-front\">\n\t\t\t\t\t\t\t\t\t\t\t<div class=\"athlete-image\">\n\t\t\t\t\t\t\t\t\t\t\t\t\t\t<img loading=\"lazy\" decoding=\"async\" width=\"273\" height=\"363\" src=\"https:\/\/cyclingcanada.ca\/wp-content\/uploads\/2025\/05\/ES015268.avif\" class=\"attachment-medium size-medium\" alt=\"Nathan Clement\" \/>\t\t\t\t\t\t<\/div>\n\t\t\t\t\t\t\t\t\t\t<h3>Nathan Clement<\/h3>\n\t\t\t\t<\/div>\n\n\t\t\t\t<!-- Back of card -->\n\t\t\t\t<div class=\"athlete-card-back\">\n\t\t\t\t\t<div class=\"athlete-card-back-inner\">\n\t\t\t\t\t\t\t\t\t\t\t\t\t<p class=\"dob\"><strong>Date de Naissance:<\/strong> 30\/09\/1994<\/p>\n\t\t\t\t\t\t\n\t\t\t\t\t\t\t\t\t\t\t\t\t<p class=\"hometown\"><strong>Ville natale:<\/strong> West Vancouver\t\t\t\t\t\t\t\t, BC\t\t\t\t\t\t\t<\/p>\n\t\t\t\t\t\t\n\t\t\t\t\t\t\t\t\t\t\t\t\t<p class=\"residence\"><strong>R\u00e9sidence:<\/strong> West Vancouver\t\t\t\t\t\t\t\t, BC\t\t\t\t\t\t\t<\/p>\n\t\t\t\t\t\t\n\t\t\t\t\t\t\t\t\t\t\t\t\t<p class=\"discipline\"><strong>Discipline:<\/strong> Para-Cycling\t\t\t\t\t\t\t\t\t\t\t\t\t\t\t<\/p>\n\t\t\t\t\t\t\n\t\t\t\t\t\t\t\t\t\t\t<\/div>\n\t\t\t\t<\/div>\n\t\t\t<\/div>\n\t\t<\/div>\n\t\t<\/div>\n\n\n<div style=\"height:var(--wp--preset--spacing--medium)\" aria-hidden=\"true\" class=\"wp-block-spacer\"><\/div>\n\n\n\n<p class=\"has-primary-color has-text-color has-link-color wp-elements-dddcb13acbe9d456275f28799c9bb7ae\"><strong>Les athl\u00e8tes suivants ont fait partie de l\u2019\u00e9quipe nationale canadienne:<\/strong><\/p>\n\n\n\n<p><a href=\"https:\/\/cyclingcanada.ca\/wp-content\/uploads\/2026\/03\/2025-National-Team-Honour-Roll-1.pdf\" target=\"_blank\" rel=\"noreferrer noopener\">\u00c9quipe nationale de cyclisme 2025<\/a><\/p>\n\n\n\n<p><a href=\"https:\/\/cyclingcanada.ca\/wp-content\/uploads\/2025\/03\/2024-National-Team-Honour-Roll.pdf\" target=\"_blank\" rel=\"noreferrer noopener\">\u00c9quipe nationale de cyclisme 2024<\/a><\/p>\n\n\n\n<p><a href=\"https:\/\/cyclingcanada.ca\/wp-content\/uploads\/2024\/02\/Equipe-nationale-2023-24-Tableau-honneur.pdf\" target=\"_blank\" rel=\"noreferrer noopener\">\u00c9quipe nationale de cyclisme 2023<\/a><\/p>\n\n\n\n<p><a href=\"https:\/\/cyclingcanada.ca\/wp-content\/uploads\/2023\/01\/22-23-National-Team-FR-1.pdf\" target=\"_blank\" rel=\"noreferrer noopener\">\u00c9quipe nationale de cyclisme 2022<\/a><\/p>\n\n\n\n<p><a href=\"https:\/\/cyclingcanada.ca\/wp-content\/uploads\/2022\/12\/FR_E%CC%81quipe_National_Cyclisme_21-22-.pdf\">\u00c9quipe nationale de cyclisme 2021<\/a><\/p>\n<\/div>\n\n\n\n<div class=\"wp-block-group alignfull has-gainsboro-background-color has-background has-global-padding is-layout-constrained wp-block-group-is-layout-constrained\" style=\"margin-top:0;padding-top:0;padding-bottom:var(--wp--preset--spacing--large)\">\n<div class=\"wp-block-group is-nowrap is-layout-flex wp-container-core-group-is-layout-6c531013 wp-block-group-is-layout-flex\">\n<h2 class=\"wp-block-heading is-style-poppins-heading has-white-color has-primary-background-color has-text-color has-background has-link-color wp-elements-566375cfe5e6267726a9f1f7cbd22ea6 is-style-poppins-heading--1\">Identification de talent<\/h2>\n<\/div>\n\n\n\n<div style=\"height:var(--wp--preset--spacing--small)\" aria-hidden=\"true\" class=\"wp-block-spacer\"><\/div>\n\n\n\n<p>L\u2019identification des talents est l\u2019interface entre la comp\u00e9tition et les sports de haute performance. Il y a plusieurs fa\u00e7ons de suivre le parcours de d\u00e9veloppement et de devenir un membre de l\u2019\u00e9quipe nationale, notamment en \u00e9tant s\u00e9lectionn\u00e9 lors d\u2019\u00e9v\u00e9nements distincts ou en transf\u00e9rant d\u2019un autre sport. <\/p>\n\n\n\n<div class=\"wp-block-buttons is-layout-flex wp-block-buttons-is-layout-flex\">\n<div class=\"wp-block-button is-style-link is-style-link--2\"><a class=\"wp-block-button__link wp-element-button\" href=\"https:\/\/cyclingcanada.ca\/fr\/ressources\/parcours-de-developpement\/\">En apprendre plus<\/a><\/div>\n<\/div>\n<\/div>\n","protected":false},"excerpt":{"rendered":"<p>Un sport, une \u00e9quipe. L\u2019\u00e9quipe nationale canadienne de cyclisme est compos\u00e9e d\u2019athl\u00e8tes de toutes les disciplines qui repr\u00e9sentent la feuille d\u2019\u00e9rable aux comp\u00e9titions internationales, aux Championnats du Monde et aux Jeux majeurs. Athl\u00e8tes Les athl\u00e8tes suivants ont fait partie de l\u2019\u00e9quipe nationale canadienne: \u00c9quipe nationale de cyclisme 2025 \u00c9quipe nationale de cyclisme 2024 \u00c9quipe nationale [&hellip;]<\/p>\n","protected":false},"author":46,"featured_media":77260,"parent":0,"menu_order":0,"comment_status":"closed","ping_status":"closed","template":"","meta":{"_acf_changed":false,"advanced_seo_description":"","jetpack_seo_html_title":"","jetpack_seo_noindex":false,"footnotes":""},"class_list":["post-36616","page","type-page","status-publish","has-post-thumbnail","hentry"],"acf":[],"jetpack_sharing_enabled":true,"_links":{"self":[{"href":"https:\/\/cyclingcanada.ca\/fr\/wp-json\/wp\/v2\/pages\/36616","targetHints":{"allow":["GET"]}}],"collection":[{"href":"https:\/\/cyclingcanada.ca\/fr\/wp-json\/wp\/v2\/pages"}],"about":[{"href":"https:\/\/cyclingcanada.ca\/fr\/wp-json\/wp\/v2\/types\/page"}],"author":[{"embeddable":true,"href":"https:\/\/cyclingcanada.ca\/fr\/wp-json\/wp\/v2\/users\/46"}],"replies":[{"embeddable":true,"href":"https:\/\/cyclingcanada.ca\/fr\/wp-json\/wp\/v2\/comments?post=36616"}],"version-history":[{"count":10,"href":"https:\/\/cyclingcanada.ca\/fr\/wp-json\/wp\/v2\/pages\/36616\/revisions"}],"predecessor-version":[{"id":77271,"href":"https:\/\/cyclingcanada.ca\/fr\/wp-json\/wp\/v2\/pages\/36616\/revisions\/77271"}],"wp:featuredmedia":[{"embeddable":true,"href":"https:\/\/cyclingcanada.ca\/fr\/wp-json\/wp\/v2\/media\/77260"}],"wp:attachment":[{"href":"https:\/\/cyclingcanada.ca\/fr\/wp-json\/wp\/v2\/media?parent=36616"}],"curies":[{"name":"wp","href":"https:\/\/api.w.org\/{rel}","templated":true}]}}