{"id":37079,"date":"2019-06-03T14:41:23","date_gmt":"2019-06-03T18:41:23","guid":{"rendered":"https:\/\/ffq.enp.mybluehost.me\/officials\/resources\/para-national-and-uci-commissaires\/"},"modified":"2026-03-30T11:34:57","modified_gmt":"2026-03-30T15:34:57","slug":"commissaires-national-et-international-para","status":"publish","type":"page","link":"https:\/\/cyclingcanada.ca\/fr\/mimpliquer\/commissaires\/ressources\/commissaires-national-et-international-para\/","title":{"rendered":"Commissaires National et International \u2013 Para"},"content":{"rendered":"\n<div class=\"wp-block-group alignwide is-layout-flow wp-block-group-is-layout-flow\" style=\"padding-top:var(--wp--preset--spacing--large);padding-bottom:var(--wp--preset--spacing--large)\">\n<h1 class=\"wp-block-heading has-text-align-center has-xx-large-font-size\">Commissaires National et International \u2013 Para<\/h1>\n\n\n\n<h5 class=\"wp-block-heading\"><mark style=\"background-color:rgba(0, 0, 0, 0)\" class=\"has-inline-color has-primary-color\">Commissaires UCI Para <\/mark><\/h5>\n\n\n\n<table id=\"tablepress-35\" class=\"tablepress tablepress-id-35\">\n<tbody class=\"row-striping\">\n<tr class=\"row-1\">\n\t<td class=\"column-1\">Josee<\/td><td class=\"column-2\">Bedard<\/td><td class=\"column-3\">Candiac<\/td><td class=\"column-4\">QC<\/td>\n<\/tr>\n<\/tbody>\n<\/table>\n\n\n\n\n<h5 class=\"wp-block-heading\"><mark style=\"background-color:rgba(0, 0, 0, 0)\" class=\"has-inline-color has-primary-color\"><mark style=\"background-color:rgba(0, 0, 0, 0)\" class=\"has-inline-color has-primary-color\">Commissaires \u00e9lite-Nationaux Para <\/mark><\/mark><\/h5>\n\n\n\n<table id=\"tablepress-36\" class=\"tablepress tablepress-id-36\">\n<tbody class=\"row-striping\">\n<tr class=\"row-1\">\n\t<td class=\"column-1\">Louise<\/td><td class=\"column-2\">Lalonde<\/td><td class=\"column-3\">St Sauveur<\/td><td class=\"column-4\">QC<\/td>\n<\/tr>\n<\/tbody>\n<\/table>\n\n\n\n\n<h5 class=\"wp-block-heading\"><mark style=\"background-color:rgba(0, 0, 0, 0)\" class=\"has-inline-color has-primary-color\"><mark style=\"background-color:rgba(0, 0, 0, 0)\" class=\"has-inline-color has-primary-color\"><mark style=\"background-color:rgba(0, 0, 0, 0)\" class=\"has-inline-color has-primary-color\">Commissaires Nationaux Para <\/mark><\/mark><\/mark><\/h5>\n\n\n\n<table id=\"tablepress-37\" class=\"tablepress tablepress-id-37\">\n<tbody class=\"row-striping\">\n<tr class=\"row-1\">\n\t<td class=\"column-1\">Adrien<\/td><td class=\"column-2\">Levesque<\/td><td class=\"column-3\">Moncton<\/td><td class=\"column-4\">NB<\/td>\n<\/tr>\n<tr class=\"row-2\">\n\t<td class=\"column-1\">Anita<\/td><td class=\"column-2\">Naud<\/td><td class=\"column-3\">Cap-Sant\u00e9<\/td><td class=\"column-4\">QC<\/td>\n<\/tr>\n<tr class=\"row-3\">\n\t<td class=\"column-1\">Brad<\/td><td class=\"column-2\">Day<\/td><td class=\"column-3\">Waterloo<\/td><td class=\"column-4\">ON<\/td>\n<\/tr>\n<tr class=\"row-4\">\n\t<td class=\"column-1\">Johanne<\/td><td class=\"column-2\">Binet<\/td><td class=\"column-3\">Qu\u00e9bec<\/td><td class=\"column-4\">QC<\/td>\n<\/tr>\n<tr class=\"row-5\">\n\t<td class=\"column-1\">Michel<\/td><td class=\"column-2\">Bourgault<\/td><td class=\"column-3\">LaPrairie<\/td><td class=\"column-4\">QC<\/td>\n<\/tr>\n<tr class=\"row-6\">\n\t<td class=\"column-1\">Steve<\/td><td class=\"column-2\">Head<\/td><td class=\"column-3\">Guelph<\/td><td class=\"column-4\">ON<\/td>\n<\/tr>\n<\/tbody>\n<\/table>\n\n\n\n\n<h5 class=\"wp-block-heading\"><mark style=\"background-color:rgba(0, 0, 0, 0)\" class=\"has-inline-color has-primary-color\"><mark style=\"background-color:rgba(0, 0, 0, 0)\" class=\"has-inline-color has-primary-color\">Formateurs Para de niveau national d\u00e9sign\u00e9s par l\u2019UCI (commissaire UCI) <\/mark><\/mark><\/h5>\n\n\n\n<table id=\"tablepress-31\" class=\"tablepress tablepress-id-31\">\n<tbody class=\"row-striping\">\n<tr class=\"row-1\">\n\t<td class=\"column-1\">Louise<\/td><td class=\"column-2\">Lalonde<\/td><td class=\"column-3\">St Sauveur<\/td><td class=\"column-4\">QC<\/td>\n<\/tr>\n<\/tbody>\n<\/table>\n\n<\/div>\n","protected":false},"excerpt":{"rendered":"<p>Commissaires National et International \u2013 Para Commissaires UCI Para Commissaires \u00e9lite-Nationaux Para Commissaires Nationaux Para Formateurs Para de niveau national d\u00e9sign\u00e9s par l\u2019UCI (commissaire UCI)<\/p>\n","protected":false},"author":46,"featured_media":0,"parent":36527,"menu_order":0,"comment_status":"closed","ping_status":"closed","template":"","meta":{"_acf_changed":false,"advanced_seo_description":"","jetpack_seo_html_title":"","jetpack_seo_noindex":false,"footnotes":""},"class_list":["post-37079","page","type-page","status-publish","hentry"],"acf":[],"jetpack_sharing_enabled":true,"_links":{"self":[{"href":"https:\/\/cyclingcanada.ca\/fr\/wp-json\/wp\/v2\/pages\/37079","targetHints":{"allow":["GET"]}}],"collection":[{"href":"https:\/\/cyclingcanada.ca\/fr\/wp-json\/wp\/v2\/pages"}],"about":[{"href":"https:\/\/cyclingcanada.ca\/fr\/wp-json\/wp\/v2\/types\/page"}],"author":[{"embeddable":true,"href":"https:\/\/cyclingcanada.ca\/fr\/wp-json\/wp\/v2\/users\/46"}],"replies":[{"embeddable":true,"href":"https:\/\/cyclingcanada.ca\/fr\/wp-json\/wp\/v2\/comments?post=37079"}],"version-history":[{"count":3,"href":"https:\/\/cyclingcanada.ca\/fr\/wp-json\/wp\/v2\/pages\/37079\/revisions"}],"predecessor-version":[{"id":77153,"href":"https:\/\/cyclingcanada.ca\/fr\/wp-json\/wp\/v2\/pages\/37079\/revisions\/77153"}],"up":[{"embeddable":true,"href":"https:\/\/cyclingcanada.ca\/fr\/wp-json\/wp\/v2\/pages\/36527"}],"wp:attachment":[{"href":"https:\/\/cyclingcanada.ca\/fr\/wp-json\/wp\/v2\/media?parent=37079"}],"curies":[{"name":"wp","href":"https:\/\/api.w.org\/{rel}","templated":true}]}}