{"id":47035,"date":"2021-03-12T19:18:24","date_gmt":"2021-03-12T23:18:24","guid":{"rendered":"https:\/\/cyclingcanada.ca\/club-1882\/donate\/"},"modified":"2025-10-23T13:45:31","modified_gmt":"2025-10-23T17:45:31","slug":"impact","status":"publish","type":"page","link":"https:\/\/cyclingcanada.ca\/fr\/club1882\/impact\/","title":{"rendered":"Impact"},"content":{"rendered":"\n<p>Vos g\u00e9n\u00e9reux dons au Club 1882 jouent un r\u00f4le essentiel dans l\u2019essor de l\u2019\u00e9quipe nationale de Cyclisme Canada et de ses projets. Chaque adh\u00e9sion offre directement aux athl\u00e8tes les ressources et les occasions dont ils ont besoin pour atteindre l\u2019excellence. Votre soutien ne fait pas que lever les barri\u00e8res financi\u00e8res : il alimente les r\u00eaves, en veillant \u00e0 ce que chaque athl\u00e8te, peu importe sa situation financi\u00e8re, puisse r\u00e9aliser son plein potentiel.En vous joignant \u00e0 cette mission, vous ne faites pas que soutenir le d\u00e9veloppement de notre sport : vous inspirez la fiert\u00e9 \u00e0 travers tout le pays, gr\u00e2ce aux r\u00e9alisations exceptionnelles et au r\u00f4le d\u2019ambassadeur de nos athl\u00e8tes. Ensemble, donnons vie aux r\u00eaves et b\u00e2tissons un h\u00e9ritage d\u2019excellence pour le cyclisme canadien.<\/p>\n\n\n\n<p>Voici quelques exemples de l\u2019impact que vos dons ont eu au fil des ann\u00e9es :<\/p>\n\n\n<div class=\"accordion-stack-wrap align wp-block-acf-accordions\">\n\t<div class=\"accordion-stack\" >\n\t\t<div class=\"accordion-stack-inner\">\n\n\n<div class=\"accordion-title-wrap align wp-block-acf-accordion-item\">\n\t<div class=\"accordion-details has-fade-in-up block_1cc5155f1f6dbe1ed661efffbde838c8\" data-open=\"false\" >\n\t\t<div class=\"accordion-summary\" id=\"summary-block_1cc5155f1f6dbe1ed661efffbde838c8\" aria-controls=\"content-block_1cc5155f1f6dbe1ed661efffbde838c8\" aria-expanded=\"false\" tabindex=\"0\">\n\t\t\t<div class=\"accordion-title\" >2024<\/div>\n\t\t\t<div class=\"accordion-toggle\">\n\t\t\t\t<svg aria-hidden=\"true\" width=\"20\" height=\"20\" viewBox=\"0 0 100 100\" xmlns=\"http:\/\/www.w3.org\/2000\/svg\">\n\t\t\t\t\t<path d=\"M20 40 L50 70 L80 40\" stroke=\"#e4251f\" stroke-width=\"8\" fill=\"none\"\/>\n\t\t\t\t<\/svg>\n\n\t\t\t<\/div>\n\t\t<\/div><!-- .accordion-summary -->\n\t\t<div class=\"accordion-content\" id=\"content-block_1cc5155f1f6dbe1ed661efffbde838c8\" aria-labelledby=\"summary-block_1cc5155f1f6dbe1ed661efffbde838c8\" >\n\t\t\t<div >\n\t\t\t\t<div class=\"accordion-content-inner\">\n\n<h4 class=\"wp-block-heading has-primary-color has-text-color has-link-color wp-elements-a32eea0fdc2ce60394eec59e4559c8fb\">D\u00e9veloppement des athl\u00e8tes<\/h4>\n\n\n\n<ul class=\"wp-block-list\">\n<li>Soutien offert \u00e0 <strong><mark style=\"background-color:rgba(0, 0, 0, 0)\" class=\"has-inline-color has-primary-color\">112<\/mark><\/strong> occasions uniques pour des athl\u00e8tes juniors&nbsp;dans le cadre de projets ou de programmes de l\u2019\u00e9quipe nationale, repr\u00e9sentant un total de&nbsp;<strong><mark style=\"background-color:rgba(0, 0, 0, 0)\" class=\"has-inline-color has-primary-color\">224<\/mark><\/strong> jours&nbsp;d\u2019activit\u00e9s.<\/li>\n\n\n\n<li>Augmentation des occasions de comp\u00e9tition internationale pour les athl\u00e8tes juniors et U23, avec un total de&nbsp;<strong><mark style=\"background-color:rgba(0, 0, 0, 0)\" class=\"has-inline-color has-primary-color\">16<\/mark><\/strong> projets&nbsp;r\u00e9alis\u00e9s.<\/li>\n\n\n\n<li>Soutien \u00e0 <mark style=\"background-color:rgba(0, 0, 0, 0)\" class=\"has-inline-color has-primary-color\"><strong>33<\/strong><\/mark> occasions de perfectionnement professionnel&nbsp;pour&nbsp;<mark style=\"background-color:rgba(0, 0, 0, 0)\" class=\"has-inline-color has-primary-color\"><strong>18<\/strong><\/mark> entra\u00eeneurs&nbsp;issus des organismes provinciaux\/territoriaux de sport (OPS\/OTS) et de clubs affili\u00e9s \u00e0 travers le pays, ayant cumul\u00e9&nbsp;<strong><mark style=\"background-color:rgba(0, 0, 0, 0)\" class=\"has-inline-color has-primary-color\">358<\/mark><\/strong> jours sur le terrain au sein de projets de l\u2019\u00e9quipe nationale.<\/li>\n\n\n\n<li>Renforcement du soutien aux athl\u00e8tes en d\u00e9veloppement en cyclo-cross et en descente, deux disciplines o\u00f9 le financement a historiquement \u00e9t\u00e9 limit\u00e9.<\/li>\n<\/ul>\n\n\n\n<h4 class=\"wp-block-heading has-primary-color has-text-color has-link-color wp-elements-a425d61c38995b842e7f7700e29987bf\">Communautaire et d\u00e9veloppement \u00e0 la base<\/h4>\n\n\n\n<ul class=\"wp-block-list\">\n<li><strong><mark style=\"background-color:rgba(0, 0, 0, 0)\" class=\"has-inline-color has-primary-color\">1 million $<\/mark><\/strong> investis dans des initiatives communautaires et de d\u00e9veloppement \u00e0 la base depuis 2022.<\/li>\n\n\n\n<li>Plus de <strong><mark style=\"background-color:rgba(0, 0, 0, 0)\" class=\"has-inline-color has-primary-color\">717 400 $ <\/mark><\/strong>en financement total vers\u00e9 aux organismes provinciaux et territoriaux de sport (OPTS)&nbsp;au cours des deux premi\u00e8res ann\u00e9es de l\u2019initiative&nbsp;\u00ab <em>Le sport communautaire pour tou<\/em>s \u00bb. <\/li>\n\n\n\n<li>Expansion du programme HopOn&nbsp;\u00e0&nbsp;<strong><mark style=\"background-color:rgba(0, 0, 0, 0)\" class=\"has-inline-color has-primary-color\">9<\/mark><\/strong> provinces et territoires, rejoignant plus de&nbsp;<strong><mark style=\"background-color:rgba(0, 0, 0, 0)\" class=\"has-inline-color has-primary-color\">37 712 <\/mark><\/strong>enfants.<\/li>\n\n\n\n<li>Lancement du programme de subventions HopOn, ayant distribu\u00e9 plus de&nbsp;<strong><mark style=\"background-color:rgba(0, 0, 0, 0)\" class=\"has-inline-color has-primary-color\">200 000 $<\/mark><\/strong>&nbsp;\u00e0 nos partenaires provinciaux et territoriaux.<\/li>\n\n\n\n<li>Formation de <strong><mark style=\"background-color:rgba(0, 0, 0, 0)\" class=\"has-inline-color has-primary-color\">258<\/mark><\/strong> entra\u00eeneurs communautaires&nbsp;\u00e0 travers le pays, dont&nbsp;<mark style=\"background-color:rgba(0, 0, 0, 0)\" class=\"has-inline-color has-primary-color\"><strong>37<\/strong><\/mark> formateurs&nbsp;(<em>Learning Facilitators<\/em>) dans&nbsp;<strong><mark style=\"background-color:rgba(0, 0, 0, 0)\" class=\"has-inline-color has-primary-color\">7<\/mark><\/strong> provinces.<\/li>\n<\/ul>\n\n\n\n<h4 class=\"wp-block-heading has-primary-color has-text-color has-link-color wp-elements-00f632265b3091b8d9064db0c10257fd\">Soutien suppl\u00e9mentaire<\/h4>\n\n\n\n<ul class=\"wp-block-list\">\n<li>Plus de <strong><mark style=\"background-color:rgba(0, 0, 0, 0)\" class=\"has-inline-color has-primary-color\">160 000\u202f$ <\/mark><\/strong>en dons ont \u00e9t\u00e9 transf\u00e9r\u00e9s \u00e0 nos organismes provinciaux et territoriaux membres ainsi qu\u2019aux \u00e9quipes commerciales de Cyclisme Canada, soutenant leur travail essentiel pour d\u00e9velopper le sport et renforcer le parcours de d\u00e9veloppement des athl\u00e8tes.<\/li>\n<\/ul>\n\n<\/div>\n\t\t\t<\/div>\n\t\t<\/div><!-- .accordion-content -->\n\t<\/div><!-- .accordion-details -->\n<\/div>\n\n<\/div>\n\t<\/div><!-- .accordion-stack -->\n<\/div><!-- .accordion-stack-wrap -->\n\n<div class=\"accordion-stack-wrap align wp-block-acf-accordions\">\n\t<div class=\"accordion-stack\" >\n\t\t<div class=\"accordion-stack-inner\">\n\n\n<div class=\"accordion-title-wrap align wp-block-acf-accordion-item\">\n\t<div class=\"accordion-details has-fade-in-up block_66395705baceb86f46d6d6998f523978\" data-open=\"false\" >\n\t\t<div class=\"accordion-summary\" id=\"summary-block_66395705baceb86f46d6d6998f523978\" aria-controls=\"content-block_66395705baceb86f46d6d6998f523978\" aria-expanded=\"false\" tabindex=\"0\">\n\t\t\t<div class=\"accordion-title\" >2022<\/div>\n\t\t\t<div class=\"accordion-toggle\">\n\t\t\t\t<svg aria-hidden=\"true\" width=\"20\" height=\"20\" viewBox=\"0 0 100 100\" xmlns=\"http:\/\/www.w3.org\/2000\/svg\">\n\t\t\t\t\t<path d=\"M20 40 L50 70 L80 40\" stroke=\"#e4251f\" stroke-width=\"8\" fill=\"none\"\/>\n\t\t\t\t<\/svg>\n\n\t\t\t<\/div>\n\t\t<\/div><!-- .accordion-summary -->\n\t\t<div class=\"accordion-content\" id=\"content-block_66395705baceb86f46d6d6998f523978\" aria-labelledby=\"summary-block_66395705baceb86f46d6d6998f523978\" >\n\t\t\t<div >\n\t\t\t\t<div class=\"accordion-content-inner\">\n\n<h4 class=\"wp-block-heading has-primary-color has-text-color has-link-color wp-elements-45d9efd92f8132068219ef919881fb41\">D\u00e9veloppement<\/h4>\n\n\n\n<ul class=\"wp-block-list\">\n<li>Implantation du programme Embarquez dans 8 provinces et territoires, pour un total de 6000 enfants initi\u00e9s au v\u00e9lo<\/li>\n\n\n\n<li>Lancement du programme de subvention Embarquez, qui a permis de r\u00e9partir plus de 200 000 dollars \u00e0 nos partenaires provinciaux et territoriaux, avec des plans pour un cycle de financement suppl\u00e9mentaire au d\u00e9but de 2023.<\/li>\n\n\n\n<li>Formation de 61 instructeurs du Programme national de certification des entra\u00eeneurs (PNCE) \u00e0 l\u2019\u00e9chelle nationale, y compris des ma\u00eetres facilitateurs d\u2019apprentissage dans six provinces.<\/li>\n\n\n\n<li>Accueil du tout premier sommet national HopOn \u00e0 Ottawa (Ontario).<\/li>\n<\/ul>\n\n\n\n<h4 class=\"wp-block-heading has-primary-color has-text-color has-link-color wp-elements-6f7ad9f1518013899365759f86c82b90\">D\u00e9veloppement des athl\u00e8tes de haute performance<\/h4>\n\n\n\n<ul class=\"wp-block-list\">\n<li>Soutien \u00e0 68 athl\u00e8tes juniors \u00e0 travers des projets et programmes de l\u2019\u00e9quipe nationale, pour un total de 206 athl\u00e8tes parmis toutes les disciplines et tous les stades de d\u00e9veloppement<\/li>\n\n\n\n<li>Augmentation des occasions de comp\u00e9tition pour les athl\u00e8tes juniors et U23, particuli\u00e8rement en route o\u00f9 44 athl\u00e8tes ont gagn\u00e9 de l\u2019exp\u00e9rience de comp\u00e9tition \u00e0 travers 11 projets<\/li>\n\n\n\n<li>Renforcement du soutien pour les athl\u00e8tes de d\u00e9veloppement en cyclo-cross et en descente, deux disciplines o\u00f9 les ressources sont plus complexes \u00e0 trouver<\/li>\n\n\n\n<li>Soutien \u00e0 21 opportunit\u00e9s de d\u00e9veloppement professionnel pour 14 organisations sportives provinciales\/territoriales et entra\u00eeneurs de clubs affili\u00e9s \u00e0 travers le pays<\/li>\n\n\n\n<li>Poursuite de la croissance de l\u2019initiative des camps de perfectionnement, avec l\u2019organisation de 15 camps de d\u00e9veloppement r\u00e9gionaux auxquels ont particip\u00e9 plus de 150 athl\u00e8tes et 15 entra\u00eeneurs de 10 provinces et territoires diff\u00e9rents.<\/li>\n<\/ul>\n\n<\/div>\n\t\t\t<\/div>\n\t\t<\/div><!-- .accordion-content -->\n\t<\/div><!-- .accordion-details -->\n<\/div>\n\n<\/div>\n\t<\/div><!-- .accordion-stack -->\n<\/div><!-- .accordion-stack-wrap -->\n\n<div class=\"accordion-stack-wrap align wp-block-acf-accordions\">\n\t<div class=\"accordion-stack\" >\n\t\t<div class=\"accordion-stack-inner\">\n\n\n<div class=\"accordion-title-wrap align wp-block-acf-accordion-item\">\n\t<div class=\"accordion-details has-fade-in-up block_5ac6885a8e4d97a932612726586245e3\" data-open=\"false\" >\n\t\t<div class=\"accordion-summary\" id=\"summary-block_5ac6885a8e4d97a932612726586245e3\" aria-controls=\"content-block_5ac6885a8e4d97a932612726586245e3\" aria-expanded=\"false\" tabindex=\"0\">\n\t\t\t<div class=\"accordion-title\" >2021<\/div>\n\t\t\t<div class=\"accordion-toggle\">\n\t\t\t\t<svg aria-hidden=\"true\" width=\"20\" height=\"20\" viewBox=\"0 0 100 100\" xmlns=\"http:\/\/www.w3.org\/2000\/svg\">\n\t\t\t\t\t<path d=\"M20 40 L50 70 L80 40\" stroke=\"#e4251f\" stroke-width=\"8\" fill=\"none\"\/>\n\t\t\t\t<\/svg>\n\n\t\t\t<\/div>\n\t\t<\/div><!-- .accordion-summary -->\n\t\t<div class=\"accordion-content\" id=\"content-block_5ac6885a8e4d97a932612726586245e3\" aria-labelledby=\"summary-block_5ac6885a8e4d97a932612726586245e3\" >\n\t\t\t<div >\n\t\t\t\t<div class=\"accordion-content-inner\">\n\n<h4 class=\"wp-block-heading has-primary-color has-text-color has-link-color wp-elements-802d8c687da6ae32f94f6e6965a44099\">D\u00c9VELOPPEMENT \u00e0 la base<\/h4>\n\n\n\n<ul class=\"wp-block-list\">\n<li>4 961 participants ont suivi le programme Embarquez en 2021<\/li>\n\n\n\n<li>Embarquez a \u00e9t\u00e9 lanc\u00e9 dans 4 provinces et territoires en 2021 (N\u00c9, YK, CB, IPE)<\/li>\n\n\n\n<li>28 nouveaux instructeurs et 4 personnes-ressources ont \u00e9t\u00e9 form\u00e9s pour aider \u00e0 stimuler la croissance du programme<\/li>\n<\/ul>\n\n\n\n<h4 class=\"wp-block-heading has-primary-color has-text-color has-link-color wp-elements-c0f7a240b779ca192b3674f53793706e\">ATHL\u00c8TES DE D\u00c9VELOPPEMENT<\/h4>\n\n\n\n<h5 class=\"wp-block-heading has-primary-color has-text-color has-link-color wp-elements-a2ded0549fd559d5978dffe4dd34b17a\">Programmation de cyclo-cross<\/h5>\n\n\n\n<ul class=\"wp-block-list\">\n<li>Le premier projet enti\u00e8rement soutenu aux Championnats panam\u00e9ricains de cyclo-cross \u00e0 Garland, au Texas (7 athl\u00e8tes de d\u00e9veloppement dont 5 juniors de premi\u00e8re ann\u00e9e)<\/li>\n\n\n\n<li>Sixi\u00e8me projet annuel de Christmas Cross en Belgique (11 athl\u00e8tes de d\u00e9veloppement participeront \u00e0 6 courses \u00e9tal\u00e9es sur 2 semaines)<\/li>\n<\/ul>\n\n\n\n<h5 class=\"wp-block-heading has-primary-color has-text-color has-link-color wp-elements-38890029ef119effb89ce73f37a66643\">Programmation de descente<\/h5>\n\n\n\n<ul class=\"wp-block-list\">\n<li>Le premier projet enti\u00e8rement soutenu aux Championnats du monde depuis 2015 (8 athl\u00e8tes de d\u00e9veloppement ont concouru, et tous \u00e9taient des juniors de premi\u00e8re ann\u00e9e)<\/li>\n\n\n\n<li>Le premier projet enti\u00e8rement soutenu \u00e0 une Coupe du monde depuis 2015 (9 athl\u00e8tes de d\u00e9veloppement ont concouru, et tous \u00e9taient des juniors de premi\u00e8re ann\u00e9e)<\/li>\n<\/ul>\n\n\n\n<h5 class=\"wp-block-heading has-primary-color has-text-color has-link-color wp-elements-ba27cc1172eb5fa692319228adce9a63\">Programmation sur route<\/h5>\n\n\n\n<p><strong>Femmes juniors<\/strong><\/p>\n\n\n\n<ul class=\"wp-block-list\">\n<li>7 athl\u00e8tes de d\u00e9veloppement ont particip\u00e9 \u00e0 la course par \u00e9tapes Bizkaikoloreak Feminas en Espagne<\/li>\n\n\n\n<li>7 athl\u00e8tes de d\u00e9veloppement ont particip\u00e9 \u00e0 la course par \u00e9tapes Watersley Challenge aux Pays-Bas<\/li>\n<\/ul>\n\n\n\n<p><strong>Hommes juniors<\/strong><\/p>\n\n\n\n<ul class=\"wp-block-list\">\n<li>6 athl\u00e8tes de d\u00e9veloppement ont particip\u00e9 \u00e0 la course par \u00e9tapes GP R\u00fcebliland en Suisse<\/li>\n\n\n\n<li>5 athl\u00e8tes de d\u00e9veloppement ont particip\u00e9 \u00e0 la course par \u00e9tapes Keizer der Juniores en Belgique<\/li>\n<\/ul>\n\n\n\n<p><strong>Femmes U23<\/strong><\/p>\n\n\n\n<ul class=\"wp-block-list\">\n<li>7 athl\u00e8tes de d\u00e9veloppement ont particip\u00e9 \u00e0 la course par \u00e9tapes Watersley Challenge aux Pays-Bas<\/li>\n\n\n\n<li>4 athl\u00e8tes de d\u00e9veloppement ont particip\u00e9 \u00e0 la course par \u00e9tapes La Choralis Fourniers en Belgique<\/li>\n<\/ul>\n\n\n\n<p><strong>Hommes U23<\/strong><\/p>\n\n\n\n<ul class=\"wp-block-list\">\n<li>6 athl\u00e8tes de d\u00e9veloppement ont particip\u00e9 \u00e0 la course par \u00e9tapes de la Coupe des Nations de l\u2019Etoile d\u2019OR en France<\/li>\n\n\n\n<li>6 athl\u00e8tes de d\u00e9veloppement ont particip\u00e9 \u00e0 la course par \u00e9tapes du Tour de Chamonix Mont Blanc en France<\/li>\n\n\n\n<li>6 athl\u00e8tes de d\u00e9veloppement ont particip\u00e9 \u00e0 la course par \u00e9tapes le Tour de l\u2019Avenir en France<\/li>\n\n\n\n<li>6 athl\u00e8tes de d\u00e9veloppement ont particip\u00e9 \u00e0 la course par \u00e9tapes du Tour de l\u2019Alsace en France<\/li>\n<\/ul>\n\n<\/div>\n\t\t\t<\/div>\n\t\t<\/div><!-- .accordion-content -->\n\t<\/div><!-- .accordion-details -->\n<\/div>\n\n<\/div>\n\t<\/div><!-- .accordion-stack -->\n<\/div><!-- .accordion-stack-wrap -->\n\n\n<div style=\"margin-top:0;margin-bottom:0;height:var(--wp--preset--spacing--x-large)\" aria-hidden=\"true\" class=\"wp-block-spacer\"><\/div>\n\n\n\n<div class=\"wp-block-buttons is-content-justification-center is-layout-flex wp-container-core-buttons-is-layout-2bb63ab0 wp-block-buttons-is-layout-flex\">\n<div class=\"wp-block-button has-custom-width wp-block-button__width-50\"><a class=\"wp-block-button__link has-black-color has-gainsboro-background-color has-text-color has-background has-link-color has-poppins-font-family has-normal-font-size has-custom-font-size wp-element-button\" href=\"https:\/\/cyclingcanada.ca\/fr\/club1882\/\" style=\"padding-top:1.4rem;padding-bottom:1.4rem;letter-spacing:2px\">&lt; Retour \u00e0 Club 1882<\/a><\/div>\n\n\n\n<div class=\"wp-block-button has-custom-width wp-block-button__width-50 is-style-fill\"><a class=\"wp-block-button__link has-white-color has-primary-background-color has-text-color has-background has-link-color has-poppins-font-family has-normal-font-size has-custom-font-size wp-element-button\" href=\"https:\/\/cyclingcanada.ca\/fr\/club1882\/a-propos\/\" style=\"padding-top:1.4rem;padding-bottom:1.4rem;letter-spacing:2px\">Suivant: \u00c0 Propos du club 1882 &gt;<\/a><\/div>\n<\/div>\n","protected":false},"excerpt":{"rendered":"<p>Vos g\u00e9n\u00e9reux dons au Club 1882 jouent un r\u00f4le essentiel dans l\u2019essor de l\u2019\u00e9quipe nationale de Cyclisme Canada et de ses projets. Chaque adh\u00e9sion offre directement aux athl\u00e8tes les ressources et les occasions dont ils ont besoin pour atteindre l\u2019excellence. Votre soutien ne fait pas que lever les barri\u00e8res financi\u00e8res : il alimente les r\u00eaves, [&hellip;]<\/p>\n","protected":false},"author":46,"featured_media":73893,"parent":73951,"menu_order":0,"comment_status":"closed","ping_status":"closed","template":"wp-custom-template-club-1882-page","meta":{"_acf_changed":false,"advanced_seo_description":"","jetpack_seo_html_title":"","jetpack_seo_noindex":false,"footnotes":""},"class_list":["post-47035","page","type-page","status-publish","has-post-thumbnail","hentry"],"acf":[],"jetpack_sharing_enabled":true,"_links":{"self":[{"href":"https:\/\/cyclingcanada.ca\/fr\/wp-json\/wp\/v2\/pages\/47035","targetHints":{"allow":["GET"]}}],"collection":[{"href":"https:\/\/cyclingcanada.ca\/fr\/wp-json\/wp\/v2\/pages"}],"about":[{"href":"https:\/\/cyclingcanada.ca\/fr\/wp-json\/wp\/v2\/types\/page"}],"author":[{"embeddable":true,"href":"https:\/\/cyclingcanada.ca\/fr\/wp-json\/wp\/v2\/users\/46"}],"replies":[{"embeddable":true,"href":"https:\/\/cyclingcanada.ca\/fr\/wp-json\/wp\/v2\/comments?post=47035"}],"version-history":[{"count":13,"href":"https:\/\/cyclingcanada.ca\/fr\/wp-json\/wp\/v2\/pages\/47035\/revisions"}],"predecessor-version":[{"id":74559,"href":"https:\/\/cyclingcanada.ca\/fr\/wp-json\/wp\/v2\/pages\/47035\/revisions\/74559"}],"up":[{"embeddable":true,"href":"https:\/\/cyclingcanada.ca\/fr\/wp-json\/wp\/v2\/pages\/73951"}],"wp:featuredmedia":[{"embeddable":true,"href":"https:\/\/cyclingcanada.ca\/fr\/wp-json\/wp\/v2\/media\/73893"}],"wp:attachment":[{"href":"https:\/\/cyclingcanada.ca\/fr\/wp-json\/wp\/v2\/media?parent=47035"}],"curies":[{"name":"wp","href":"https:\/\/api.w.org\/{rel}","templated":true}]}}