{"id":69813,"date":"2025-04-14T20:42:07","date_gmt":"2025-04-15T00:42:07","guid":{"rendered":"https:\/\/cyclingcanada.ca\/ressources\/ressources-pour-athletes\/criteres-de-selection\/"},"modified":"2026-04-24T14:32:16","modified_gmt":"2026-04-24T18:32:16","slug":"criteres-de-selection","status":"publish","type":"page","link":"https:\/\/cyclingcanada.ca\/fr\/ressources\/ressources-pour-athletes\/criteres-de-selection\/","title":{"rendered":"Crit\u00e8res de s\u00e9lection"},"content":{"rendered":"\n<div class=\"wp-block-group alignwide has-global-padding is-layout-constrained wp-block-group-is-layout-constrained\" style=\"padding-top:var(--wp--preset--spacing--large);padding-bottom:var(--wp--preset--spacing--large)\">\n<h1 class=\"wp-block-heading has-text-align-center has-xx-large-font-size\">S\u00e9lection nationale<\/h1>\n\n\n\n<div style=\"margin-top:0;margin-bottom:0;height:var(--wp--preset--spacing--large)\" aria-hidden=\"true\" class=\"wp-block-spacer\"><\/div>\n\n\n<div class=\"tabs-stack-wrap alignwide wp-block-acf-tabs\">\r\n\t<div class=\"tabs-navigation\" role=\"tablist\">\r\n\t\t<!-- Tab titles will be dynamically inserted here via JavaScript -->\r\n\t<\/div>\r\n\t<div class=\"tabs-content\">\r\n\t\t<div class=\"tab-stack-inner\">\n\r\n<div class=\"tab-details block_9c9c916e69aa5ca88880d475fc90c4bd align wp-block-acf-tab-item\" data-tab-id=\"block_9c9c916e69aa5ca88880d475fc90c4bd\" data-tab-anchor=\"bmx\">\r\n    <div class=\"tab-title\" hidden>BMX<\/div>\r\n    <div class=\"tab-content\" id=\"content-block_9c9c916e69aa5ca88880d475fc90c4bd\" role=\"tabpanel\" aria-labelledby=\"nav-block_9c9c916e69aa5ca88880d475fc90c4bd\">\r\n        <div class=\"tab-content-inner\">\r\n            <div class=\"acf-innerblocks-container\">\n\n<h4 class=\"wp-block-heading has-primary-color has-text-color has-link-color wp-elements-8187ea52cfd4f1323ea46a3a3dc4ec63\">Politiques et documents de s\u00e9lection BMX 2026<\/h4>\n\n\n\n<h5 class=\"wp-block-heading\">\u00c9quipe nationale BMX Race<\/h5>\n\n\n\n<ul class=\"wp-block-list\">\n<li><a href=\"https:\/\/cyclingcanada.ca\/wp-content\/uploads\/2026\/02\/2026-02-19-2026-BMX-Race-Selection-Policy-FR.pdf\" target=\"_blank\" rel=\"noreferrer noopener\">Politique de s\u00e9lection BMX Race 2026<\/a> (\u00c9BAUCHE publi\u00e9e le 3 f\u00e9vrier 2026; FINALE publi\u00e9e le 19 f\u00e9vrier 2026)\n<ul class=\"wp-block-list\">\n<li><a href=\"https:\/\/forms.office.com\/Pages\/ResponsePage.aspx?id=ikfWSzDTHkCCB0zLi4M0S0ptpGrT01NIjyYJl4vRzF1UN0xXN0hUMDdQRjFLQ0hFS1EwOVhJNEw2UC4u\" target=\"_blank\" rel=\"noreferrer noopener\">Formulaire d&#8217;application pour les project BMX Race 2026<\/a><\/li>\n\n\n\n<li><a href=\"https:\/\/cyclingcanada.ca\/wp-content\/uploads\/2026\/02\/2026-02-19-BMX-Race-criteria-feedback.pdf\" target=\"_blank\" rel=\"noreferrer noopener\">Commentaires anonymes sur les crit\u00e8res BMX Race, avec r\u00e9ponses<\/a> (publi\u00e9 le 19 f\u00e9vrier 2026)<\/li>\n<\/ul>\n<\/li>\n<\/ul>\n\n\n\n<h5 class=\"wp-block-heading\">\u00caquipe nationale BMX Freestyle<\/h5>\n\n\n\n<ul class=\"wp-block-list\">\n<li><a href=\"https:\/\/cyclingcanada.ca\/wp-content\/uploads\/2026\/02\/2026-02-13-2026-BMX-Freestyle-Selection-Policy-FR.pdf\" target=\"_blank\" rel=\"noreferrer noopener\">Politique de s\u00e9lection BMX Freestyle 2026<\/a>&nbsp;(\u00e9bauche publi\u00e9e le 22 janvier 2026; FINALE publi\u00e9e le 13 f\u00e9vrier 2026)\n<ul class=\"wp-block-list\">\n<li><a href=\"https:\/\/forms.office.com\/Pages\/ResponsePage.aspx?id=ikfWSzDTHkCCB0zLi4M0S0ptpGrT01NIjyYJl4vRzF1UMk9NWU1MMUdFSFE0MUk2MzZROFNCUVpVVS4u\" target=\"_blank\" rel=\"noreferrer noopener\">Formulaire d&#8217;application pour les projects BMX Freestyle 2026<\/a><\/li>\n<\/ul>\n<\/li>\n<\/ul>\n\n\n\n<h5 class=\"wp-block-heading\">Championnats du monde BMX Challenge<\/h5>\n\n\n\n<ul class=\"wp-block-list\">\n<li><a href=\"https:\/\/cyclingcanada.ca\/wp-content\/uploads\/2025\/12\/2025-12-03-2026-BMX-Worlds-Challenge-Criteria-FR.pdf\" target=\"_blank\" rel=\"noreferrer noopener\">Politique de s\u00e9lection BMX Challenge 2026<\/a> (\u00e9bauche publi\u00e9e le 3 d\u00e9cembre 2025)\n<ul class=\"wp-block-list\">\n<li><a href=\"https:\/\/cyclingcanada.ca\/wp-content\/uploads\/2025\/12\/BMX-Race-Ranking-2025-FR.pdf\" data-type=\"link\" data-id=\"https:\/\/cyclingcanada.ca\/wp-content\/uploads\/2025\/12\/BMX-Race-Ranking-2025-FR.pdf\" target=\"_blank\" rel=\"noreferrer noopener\">Liste des qualifi\u00e9s pour le BMX Challenge<\/a> (publi\u00e9e le 4 d\u00e9cembre 2025)<\/li>\n\n\n\n<li><a href=\"https:\/\/forms.office.com\/r\/Eh0Yggzyb6\" target=\"_blank\" rel=\"noreferrer noopener\">Formulaire d&#8217;application BMX Challenge 2026<\/a><em> (s&#8217;ouvre le 12 janvier 2026)<\/em><\/li>\n<\/ul>\n<\/li>\n<\/ul>\n\n\n\n<p>La Politique sur les frais d\u2019athl\u00e8tes, la Politique de s\u00e9lection g\u00e9n\u00e9rale, les Comit\u00e9s d\u2019entra\u00eeneurs, la Politique sur les athl\u00e8tes priv\u00e9s et ind\u00e9pendants, et d\u2019autres politiques li\u00e9s \u00e0 la haute performance se trouvent sur <a href=\"https:\/\/cyclingcanada.ca\/fr\/ressources\/ressources-pour-athletes\/reglements-et-politiques\/\" target=\"_blank\" rel=\"noreferrer noopener\">cette page<\/a>.<\/p>\n\n\n\n<h4 class=\"wp-block-heading\">D\u00e9cisions de s\u00e9lection 2026<\/h4>\n\n\n\n<ul class=\"wp-block-list\">\n<li>Coupes du monde UCI BMX 2026 I-II (<a href=\"https:\/\/cyclingcanada.ca\/wp-content\/uploads\/2026\/04\/2026-04-08-BMX-WC-I-II-prelim.pdf\" target=\"_blank\" rel=\"noreferrer noopener\">s\u00e9lection pr\u00e9liminaire<\/a> publi\u00e9e le 8 avril 2026)<\/li>\n\n\n\n<li>Coupes du monde UCI BMX 2026 III-IV (<a href=\"https:\/\/cyclingcanada.ca\/wp-content\/uploads\/2026\/04\/2026-04-08B-BMX-WC-III-IV-prelim.pdf\" target=\"_blank\" rel=\"noreferrer noopener\">s\u00e9lection pr\u00e9liminaire<\/a> publi\u00e9e le 8 avril 2026)<\/li>\n<\/ul>\n\n\n\n<h4 class=\"wp-block-heading\">D\u00e9cisions de s\u00e9lection pr\u00e9c\u00e9dentes<\/h4>\n\n\n\n<ul class=\"wp-block-list\">\n<li><a href=\"https:\/\/cyclingcanada.ca\/wp-content\/uploads\/2026\/03\/2025-National-Team-Selection-Decisions-BMX.pdf\" target=\"_blank\" rel=\"noreferrer noopener\">D\u00e9cisions de s\u00e9lection de l&#8217;\u00e9quipe nationale BMX Race et Freestyle 2025<\/a><\/li>\n\n\n\n<li><a href=\"https:\/\/cyclingcanada.ca\/wp-content\/uploads\/2025\/02\/2024-National-Team-Selection-Decisions-BMX.pdf\" target=\"_blank\" rel=\"noreferrer noopener\">D\u00e9cisions de s\u00e9lection de l\u2019\u00e9quipe nationale BMX Race et Freestyle 2024<\/a><\/li>\n\n\n\n<li><a href=\"https:\/\/cyclingcanada.ca\/wp-content\/uploads\/2024\/02\/Decisions-de-selection-de-lequipe-national-2023-BMX-Race.pdf\" target=\"_blank\" rel=\"noreferrer noopener\">D\u00e9cisions de s\u00e9lection de l\u2019\u00e9quipe nationale BMX Race 2023<\/a><\/li>\n\n\n\n<li><a href=\"https:\/\/cyclingcanada.ca\/wp-content\/uploads\/2025\/02\/2023-National-Team-Selection-Decisions-BMX-FS.pdf\" target=\"_blank\" rel=\"noreferrer noopener\">D\u00e9cisions de s\u00e9lection de l\u2019\u00e9quipe nationale BMX Freestyle 2023<\/a><\/li>\n\n\n\n<li><a href=\"https:\/\/cyclingcanada.ca\/wp-content\/uploads\/2024\/08\/2022-National-Team-Selection-Decisions-BMX-Race-FR.pdf\" target=\"_blank\" rel=\"noreferrer noopener\">D\u00e9cisions de s\u00e9lection de l\u2019\u00e9quipe nationale BMX Race 2022<\/a><\/li>\n\n\n\n<li><a href=\"https:\/\/cyclingcanada.ca\/wp-content\/uploads\/2023\/01\/2022-National-Team-Selection-Decisions-BMX-Freestyle_FR.pdf\">D\u00e9cisions de s\u00e9lection de l\u2019\u00e9quipe nationale BMX Freestyle 2022<\/a><\/li>\n<\/ul>\n\n<\/div>\r\n        <\/div>\r\n    <\/div>\r\n<\/div>\n\n\r\n<div class=\"tab-details block_bfedd7ac9eeabf9da6c3e11b71df8376 align wp-block-acf-tab-item\" data-tab-id=\"block_bfedd7ac9eeabf9da6c3e11b71df8376\" data-tab-anchor=\"cyclo-cross\">\r\n    <div class=\"tab-title\" hidden>Cyclo-Cross<\/div>\r\n    <div class=\"tab-content\" id=\"content-block_bfedd7ac9eeabf9da6c3e11b71df8376\" role=\"tabpanel\" aria-labelledby=\"nav-block_bfedd7ac9eeabf9da6c3e11b71df8376\">\r\n        <div class=\"tab-content-inner\">\r\n            <div class=\"acf-innerblocks-container\">\n\n<h4 class=\"wp-block-heading has-primary-color has-text-color has-link-color wp-elements-dc87658844b15ac51d9bd0c091924a1f\">Politiques et documents de s\u00e9lection CYCLO-CROSS 2026-27<\/h4>\n\n\n\n<ul class=\"wp-block-list\">\n<li>\u00c0 venir<\/li>\n<\/ul>\n\n\n\n<p>La Politique sur les athl\u00e8tes priv\u00e9s et ind\u00e9pendants, la Politique sur les frais d\u2019athl\u00e8tes, la Politique de s\u00e9lection g\u00e9n\u00e9rale, les Comit\u00e9s d\u2019entra\u00eeneurs, et d\u2019autres politiques li\u00e9s \u00e0 la haute performance se trouvent sur <a href=\"https:\/\/cyclingcanada.ca\/fr\/ressources\/ressources-pour-athletes\/reglements-et-politiques\/\" target=\"_blank\" rel=\"noreferrer noopener\">cette page<\/a>.<\/p>\n\n\n\n<h4 class=\"wp-block-heading\">D\u00e9cisions de s\u00e9lection 2026-27<\/h4>\n\n\n\n<ul class=\"wp-block-list\">\n<li>\u00c0 venir<\/li>\n<\/ul>\n\n\n\n<h4 class=\"wp-block-heading\">D\u00e9cisions de s\u00e9lection pr\u00e9c\u00e9dentes<\/h4>\n\n\n\n<ul class=\"wp-block-list\">\n<li><a href=\"https:\/\/cyclingcanada.ca\/wp-content\/uploads\/2026\/03\/202526-National-Team-Selection-Decisions-CX.pdf\" target=\"_blank\" rel=\"noreferrer noopener\">D\u00e9cisions de s\u00e9lection de l&#8217;\u00e9quipe nationale de cyclo-cross 2025-2026<\/a><\/li>\n\n\n\n<li><a href=\"https:\/\/cyclingcanada.ca\/wp-content\/uploads\/2025\/05\/2024-2025-National-Team-Selection-Decisions-CX.pdf\" target=\"_blank\" rel=\"noreferrer noopener\">D\u00e9cisions de s\u00e9lection de l&#8217;\u00e9quipe nationale de cyclo-cross 2024-2025<\/a><\/li>\n\n\n\n<li><a href=\"https:\/\/cyclingcanada.ca\/wp-content\/uploads\/2025\/05\/2023-2024-National-Team-Selection-Decisions-CX.pdf\" target=\"_blank\" rel=\"noreferrer noopener\">D\u00e9cisions de s\u00e9lection de l&#8217;\u00e9quipe nationale de cyclo-cross 2023-2024<\/a><\/li>\n<\/ul>\n\n\n\n<p><\/p>\n\n<\/div>\r\n        <\/div>\r\n    <\/div>\r\n<\/div>\n\n\r\n<div class=\"tab-details block_fae4955334e592dfb13a71bf1d57d226 align wp-block-acf-tab-item\" data-tab-id=\"block_fae4955334e592dfb13a71bf1d57d226\" data-tab-anchor=\"esport\">\r\n    <div class=\"tab-title\" hidden>Esport<\/div>\r\n    <div class=\"tab-content\" id=\"content-block_fae4955334e592dfb13a71bf1d57d226\" role=\"tabpanel\" aria-labelledby=\"nav-block_fae4955334e592dfb13a71bf1d57d226\">\r\n        <div class=\"tab-content-inner\">\r\n            <div class=\"acf-innerblocks-container\">\n\n<h4 class=\"wp-block-heading\">Politiques et documents de s\u00e9lection ESPORT 2026<\/h4>\n\n\n\n<ul class=\"wp-block-list\">\n<li>\u00c0 venir<\/li>\n<\/ul>\n\n\n\n<p>La Politique sur les frais d\u2019athl\u00e8tes, la Politique de s\u00e9lection g\u00e9n\u00e9rale, les Comit\u00e9s d\u2019entra\u00eeneurs, la Politique sur les athl\u00e8tes priv\u00e9s et ind\u00e9pendants, et d\u2019autres politiques li\u00e9s \u00e0 la haute performance se trouvent sur <a href=\"https:\/\/cyclingcanada.ca\/fr\/ressources\/ressources-pour-athletes\/reglements-et-politiques\/\" target=\"_blank\" rel=\"noreferrer noopener\">cette page<\/a>.<\/p>\n\n\n\n<h4 class=\"wp-block-heading\">D\u00e9cisions de s\u00e9lection pr\u00e9c\u00e9dentes<\/h4>\n\n\n\n<ul class=\"wp-block-list\">\n<li>Demi-finale du championnat du monde Esports 2025 (<a href=\"https:\/\/cyclingcanada.ca\/wp-content\/uploads\/2025\/08\/2025-08-28-Esports-Worlds-prelim.pdf\" target=\"_blank\" rel=\"noreferrer noopener\">s\u00e9lection pr\u00e9liminaire<\/a> publi\u00e9e le 28 ao\u00fbt 2025)<\/li>\n\n\n\n<li>Demi-finale du championnat du monde Esports 2024 (<a href=\"https:\/\/cyclingcanada.ca\/wp-content\/uploads\/2024\/08\/2024-08-02-Esports-worlds-Prelim.pdf\" target=\"_blank\" rel=\"noreferrer noopener\">s\u00e9lection pr\u00e9liminaire<\/a> publi\u00e9e le 2 ao\u00fbt 2024)<\/li>\n\n\n\n<li>Championnats du monde Esports 2023 (<a href=\"https:\/\/cyclingcanada.ca\/wp-content\/uploads\/2023\/01\/2022-12-03-Esports-World-Championships-Prelim.pdf\" target=\"_blank\" rel=\"noreferrer noopener\">s\u00e9lection pr\u00e9liminaire<\/a> publi\u00e9e le 3 d\u00e9cembre 2022; <a href=\"https:\/\/cyclingcanada.ca\/wp-content\/uploads\/2023\/01\/2022-12-11-Esports-World-Championships-Final-1.pdf\" target=\"_blank\" rel=\"noreferrer noopener\">s\u00e9lection finale<\/a> publi\u00e9e le 11 d\u00e9cembre 2022)<\/li>\n<\/ul>\n\n<\/div>\r\n        <\/div>\r\n    <\/div>\r\n<\/div>\n\n\r\n<div class=\"tab-details block_e9e56290e1cb22e5b1f88599011b27c9 align wp-block-acf-tab-item\" data-tab-id=\"block_e9e56290e1cb22e5b1f88599011b27c9\" data-tab-anchor=\"velo-de-montagne\">\r\n    <div class=\"tab-title\" hidden>V\u00e9lo de montagne<\/div>\r\n    <div class=\"tab-content\" id=\"content-block_e9e56290e1cb22e5b1f88599011b27c9\" role=\"tabpanel\" aria-labelledby=\"nav-block_e9e56290e1cb22e5b1f88599011b27c9\">\r\n        <div class=\"tab-content-inner\">\r\n            <div class=\"acf-innerblocks-container\">\n\n<h4 class=\"wp-block-heading has-primary-color has-text-color has-link-color wp-elements-6346c1368d3965a091523a8013257dc3\">Politiques et documents de s\u00e9lection V\u00e9lo de montagne 2026<\/h4>\n\n\n\n<ul class=\"wp-block-list\">\n<li><a href=\"https:\/\/cyclingcanada.ca\/wp-content\/uploads\/2026\/03\/2026-03-20-MTB-XCO-Selection-Policy-FR-UPDATE2.pdf\" target=\"_blank\" rel=\"noreferrer noopener\">Politique de s\u00e9lection XCO 2026<\/a> (\u00c9BAUCHE publi\u00e9e le 6 janvier 2026; VERSION FINALE publi\u00e9e le 26 janvier 2026; mise \u00e0 jour le 17 f\u00e9vrier 2026 pour ajouter des crit\u00e8res pour le XCC aux championnats du monde; mise \u00e0 jour le 20 mars 2026 avec des changements au programme)\n<ul class=\"wp-block-list\">\n<li><a href=\"https:\/\/forms.office.com\/r\/v52hHAVAmr\" target=\"_blank\" rel=\"noreferrer noopener\">Formulaire d&#8217;application pour les projets XCO 2026<\/a><\/li>\n\n\n\n<li><a href=\"https:\/\/cyclingcanada.ca\/wp-content\/uploads\/2026\/01\/2026-01-26-MTB-XCO-criteria-feedback.pdf\" target=\"_blank\" rel=\"noreferrer noopener\">Commentaires anonymes sur les crit\u00e8res XCO, avec r\u00e9ponses<\/a> (publi\u00e9 le 26 janvier 2026)<\/li>\n<\/ul>\n<\/li>\n\n\n\n<li><a href=\"https:\/\/cyclingcanada.ca\/wp-content\/uploads\/2026\/04\/2026-04-20-2026-DHI-Selection-Policy-FR-UPDATE.pdf\" target=\"_blank\" rel=\"noreferrer noopener\">Politique de s\u00e9lection DHI 2026<\/a> (\u00c9BAUCHE publi\u00e9e le 30 janvier 2026; VERSION FINALE publi\u00e9e le 13 f\u00e9vrier 2026; mise \u00e0 jour le 20 avril 2026 avec des changements au programme)\n<ul class=\"wp-block-list\">\n<li><a href=\"https:\/\/forms.office.com\/Pages\/ResponsePage.aspx?id=ikfWSzDTHkCCB0zLi4M0S0ptpGrT01NIjyYJl4vRzF1URDJPMlFGS1pKTzlaSThRVTlRR0hGVVI5WC4u\" target=\"_blank\" rel=\"noreferrer noopener\">Formulaire d&#8217;application pour les projets DHI 2026<\/a><\/li>\n<\/ul>\n<\/li>\n<\/ul>\n\n\n\n<p>Les crit\u00e8res de s\u00e9lection pour le championnat du monde EDR se trouvent dans la Politique des athl\u00e8tes priv\u00e9s et ind\u00e9pendants <a href=\"https:\/\/cyclingcanada.ca\/fr\/ressources\/ressources-pour-athletes\/reglements-et-politiques\/\" target=\"_blank\" rel=\"noreferrer noopener\">ici<\/a>.<\/p>\n\n\n\n<p>La Politique sur les frais d\u2019athl\u00e8tes, la Politique de s\u00e9lection g\u00e9n\u00e9rale, les Comit\u00e9s d\u2019entra\u00eeneurs, la Politique sur les athl\u00e8tes priv\u00e9s et ind\u00e9pendants, et d\u2019autres politiques li\u00e9s \u00e0 la haute performance se trouvent sur <a href=\"https:\/\/cyclingcanada.ca\/fr\/ressources\/ressources-pour-athletes\/reglements-et-politiques\/\" target=\"_blank\" rel=\"noreferrer noopener\">cette page<\/a>.<\/p>\n\n\n\n<h4 class=\"wp-block-heading\">D\u00e9cisions de s\u00e9lection 2026<\/h4>\n\n\n\n<ul class=\"wp-block-list\">\n<li>Project XCO printanier junior &amp; U23 (<a href=\"https:\/\/cyclingcanada.ca\/wp-content\/uploads\/2026\/03\/2026-03-25B-U19-U23-Spring-XCO-prelim.pdf\" target=\"_blank\" rel=\"noreferrer noopener\">s\u00e9lection pr\u00e9liminaire<\/a> publi\u00e9e le 25 mars 2026; <a href=\"https:\/\/cyclingcanada.ca\/wp-content\/uploads\/2026\/04\/2026-04-08B-U19-U23-Spring-XCO-final.pdf\" target=\"_blank\" rel=\"noreferrer noopener\">s\u00e9lection finale<\/a> publi\u00e9e le 8 avril 2026)<\/li>\n<\/ul>\n\n\n\n<h4 class=\"wp-block-heading\">D\u00e9cisions de s\u00e9lection pr\u00e9c\u00e9dentes<\/h4>\n\n\n\n<ul class=\"wp-block-list\">\n<li><a href=\"https:\/\/cyclingcanada.ca\/wp-content\/uploads\/2026\/03\/2025-National-Team-Selection-Decisions-MTB.pdf\" target=\"_blank\" rel=\"noreferrer noopener\">D\u00e9cisions de s\u00e9lection de l&#8217;\u00e9quipe nationale DHI, EDR et XCO 2025<\/a><\/li>\n\n\n\n<li>D\u00e9cisions de <a href=\"https:\/\/cyclingcanada.ca\/wp-content\/uploads\/2025\/02\/2024-National-Team-Selection-Decisions-MTB.pdf\" target=\"_blank\" rel=\"noreferrer noopener\">s\u00e9lection de l\u2019\u00e9quipe nationale DHI et XCO 2024<\/a><\/li>\n\n\n\n<li>D\u00e9cisions de s\u00e9lection <a href=\"https:\/\/cyclingcanada.ca\/wp-content\/uploads\/2024\/02\/Decisions-de-selection-de-lequipe-national-2023-VDM-XCO.pdf\" target=\"_blank\" rel=\"noreferrer noopener\">de l\u2019\u00e9quipe nationale XCO 2023<\/a><\/li>\n\n\n\n<li>D\u00e9cisions de <a href=\"https:\/\/cyclingcanada.ca\/wp-content\/uploads\/2024\/02\/Decisions-de-selection-de-lequipe-national-2023-VDM-DHI.pdf\" target=\"_blank\" rel=\"noreferrer noopener\">s\u00e9lection de l\u2019\u00e9quipe nationale DHI 2023<\/a><\/li>\n\n\n\n<li>D\u00e9cisions de s<a href=\"https:\/\/cyclingcanada.ca\/wp-content\/uploads\/2024\/08\/2022-National-Team-Selection-Decisions-MTB-XCO-FR.pdf\" target=\"_blank\" rel=\"noreferrer noopener\">\u00e9lection de l\u2019\u00e9quipe nationale XCO 2022<\/a><\/li>\n\n\n\n<li>D\u00e9cisions de s<a href=\"https:\/\/cyclingcanada.ca\/wp-content\/uploads\/2024\/08\/2022-National-Team-Selection-Decisions-MTB-DHI-FR.pdf\" target=\"_blank\" rel=\"noreferrer noopener\">\u00e9lection de l\u2019\u00e9quipe nationale DHI 2022<\/a><\/li>\n<\/ul>\n\n<\/div>\r\n        <\/div>\r\n    <\/div>\r\n<\/div>\n\n\r\n<div class=\"tab-details block_4bc832fa6f0dd8a121b4a1f9f10c8580 align wp-block-acf-tab-item\" data-tab-id=\"block_4bc832fa6f0dd8a121b4a1f9f10c8580\" data-tab-anchor=\"paracyclisme\">\r\n    <div class=\"tab-title\" hidden>Paracyclisme<\/div>\r\n    <div class=\"tab-content\" id=\"content-block_4bc832fa6f0dd8a121b4a1f9f10c8580\" role=\"tabpanel\" aria-labelledby=\"nav-block_4bc832fa6f0dd8a121b4a1f9f10c8580\">\r\n        <div class=\"tab-content-inner\">\r\n            <div class=\"acf-innerblocks-container\">\n\n<h4 class=\"wp-block-heading has-primary-color has-text-color has-link-color wp-elements-0416feeb8c348bcc8335c6aa14003446\">Politiques et documents de s\u00e9lection paracyclisme 2026<\/h4>\n\n\n\n<ul class=\"wp-block-list\">\n<li><a href=\"https:\/\/cyclingcanada.ca\/wp-content\/uploads\/2026\/02\/2026-02-04-Para-Selection-Policy-FR.pdf\" target=\"_blank\" rel=\"noreferrer noopener\">Politique de s\u00e9lection paracyclisme 2026<\/a> (\u00c9BAUCHE publi\u00e9e le 6 janvier 2026; FINALE publi\u00e9e le 4 f\u00e9vrier 2026)<\/li>\n\n\n\n<li><a href=\"https:\/\/cyclingcanada.ca\/wp-content\/uploads\/2026\/01\/2026-01-07-Para-Road-time-standards.pdf\" target=\"_blank\" rel=\"noreferrer noopener\">Standards de temps en paracyclisme sur route<\/a> (version du 7 janvier 2026)<\/li>\n\n\n\n<li><a href=\"https:\/\/cyclingcanada.ca\/wp-content\/uploads\/2025\/12\/2025-12-11-Para-Track-Time-Standards.pdf\" target=\"_blank\" rel=\"noreferrer noopener\">Standards de temps en paracyclisme sur piste<\/a> (version du 11 d\u00e9cembre 2025)<\/li>\n<\/ul>\n\n\n\n<p>La Politique sur les frais d\u2019athl\u00e8tes, la Politique de s\u00e9lection g\u00e9n\u00e9rale, les Comit\u00e9s d\u2019entra\u00eeneurs, la Politique sur les athl\u00e8tes priv\u00e9s et ind\u00e9pendants, et d\u2019autres politiques li\u00e9s \u00e0 la haute performance se trouvent sur <a href=\"https:\/\/cyclingcanada.ca\/fr\/ressources\/ressources-pour-athletes\/reglements-et-politiques\/\" target=\"_blank\" rel=\"noreferrer noopener\">cette page<\/a>.<\/p>\n\n\n\n<h4 class=\"wp-block-heading\">D\u00e9cisions de s\u00e9lection 2026<\/h4>\n\n\n\n<ul class=\"wp-block-list\">\n<li>Coupes du monde UCI de para cyclisme 2026 II et III (<a href=\"https:\/\/cyclingcanada.ca\/wp-content\/uploads\/2026\/02\/2026-02-24-Para-Road-WC-II-III-prelim.pdf\" target=\"_blank\" rel=\"noreferrer noopener\">s\u00e9lection pr\u00e9liminaire<\/a> publi\u00e9e le 24 f\u00e9vrier 2026; <a href=\"https:\/\/cyclingcanada.ca\/wp-content\/uploads\/2026\/03\/2026-03-06-Para-Road-WC-II-III-final.pdf\" target=\"_blank\" rel=\"noreferrer noopener\">s\u00e9lection finale<\/a> publi\u00e9e le 6 mars 2026)<\/li>\n<\/ul>\n\n\n\n<h4 class=\"wp-block-heading\">D\u00e9cisions de s\u00e9lection pr\u00e9c\u00e9dentes<\/h4>\n\n\n\n<ul class=\"wp-block-list\">\n<li><a href=\"https:\/\/cyclingcanada.ca\/wp-content\/uploads\/2026\/03\/2025-National-Team-Selection-Decisions-Para.pdf\" target=\"_blank\" rel=\"noreferrer noopener\">D\u00e9cisions de s\u00e9lection de l&#8217;\u00e9quipe nationale paracycliste 2025<\/a><\/li>\n\n\n\n<li><a href=\"https:\/\/cyclingcanada.ca\/wp-content\/uploads\/2025\/03\/2024-National-Team-Selection-Decisions-Para.pdf\" target=\"_blank\" rel=\"noreferrer noopener\">D\u00e9cisions de s\u00e9lection de l\u2019\u00e9quipe nationale paracycliste 2024<\/a><\/li>\n\n\n\n<li><a href=\"https:\/\/cyclingcanada.ca\/wp-content\/uploads\/2024\/02\/Decisions-de-selection-de-lequipe-national-2023-Paracyclisme.pdf\" target=\"_blank\" rel=\"noreferrer noopener\">D\u00e9cisions de s\u00e9lection de l\u2019\u00e9quipe nationale paracycliste 2023<\/a><\/li>\n\n\n\n<li><a href=\"https:\/\/cyclingcanada.ca\/wp-content\/uploads\/2024\/08\/2022-National-Team-Selection-Decisions-Para-cycling-FR.pdf\" target=\"_blank\" rel=\"noreferrer noopener\">D\u00e9cisions de s\u00e9lection de l\u2019\u00e9quipe nationale paracycliste 2022<\/a><\/li>\n<\/ul>\n\n<\/div>\r\n        <\/div>\r\n    <\/div>\r\n<\/div>\n\n\r\n<div class=\"tab-details block_c59e711ef47e563380bab5bb3c9280b3 align wp-block-acf-tab-item\" data-tab-id=\"block_c59e711ef47e563380bab5bb3c9280b3\" data-tab-anchor=\"route\">\r\n    <div class=\"tab-title\" hidden>Route<\/div>\r\n    <div class=\"tab-content\" id=\"content-block_c59e711ef47e563380bab5bb3c9280b3\" role=\"tabpanel\" aria-labelledby=\"nav-block_c59e711ef47e563380bab5bb3c9280b3\">\r\n        <div class=\"tab-content-inner\">\r\n            <div class=\"acf-innerblocks-container\">\n\n<h4 class=\"wp-block-heading has-primary-color has-text-color has-link-color wp-elements-7b951c349f5e1559d870c8d5387d9c25\">Politiques et documents de s\u00e9lection route 2026<\/h4>\n\n\n\n<ul class=\"wp-block-list\">\n<li><a href=\"https:\/\/cyclingcanada.ca\/wp-content\/uploads\/2026\/04\/2026-04-17-2026-Road-Selection-Policy-FR-UPDATE3.pdf\" target=\"_blank\" rel=\"noreferrer noopener\">Politique de s\u00e9lection route 2026<\/a> (\u00c9BAUCHE publi\u00e9e le 13 janvier 2026; FINALE publi\u00e9e le 13 f\u00e9vrier 2026; MISE \u00c0 JOUR le 20 mars 2026 et le 17 avril 2026 avec des changements au programme)\n<ul class=\"wp-block-list\">\n<li><a href=\"https:\/\/forms.office.com\/Pages\/ResponsePage.aspx?id=ikfWSzDTHkCCB0zLi4M0S0ptpGrT01NIjyYJl4vRzF1UMUxMV0k5Q0RWVlJWWEtKR1BVWk1GUEVEMS4u\" target=\"_blank\" rel=\"noreferrer noopener\">Formulaire d\u2019application pour les projets sur route 2026<\/a><\/li>\n\n\n\n<li><a href=\"https:\/\/cyclingcanada.ca\/wp-content\/uploads\/2026\/02\/2026-02-13-Road-criteria-feedback.pdf\" target=\"_blank\" rel=\"noreferrer noopener\">Commentaires anonymes sur les crit\u00e8res, avec r\u00e9ponses<\/a> (publi\u00e9 le 13 f\u00e9vrier 2026)<\/li>\n\n\n\n<li>R\u00e9sultats combin\u00e9 U19-U17 des championnats canadiens sur route 2025:\n<ul class=\"wp-block-list\">\n<li><a href=\"https:\/\/cyclingcanada.ca\/wp-content\/uploads\/2026\/01\/2025-U17-U19-women-ITT.pdf\" target=\"_blank\" rel=\"noreferrer noopener\">C.l.m.i. femmes<\/a><\/li>\n\n\n\n<li><a href=\"https:\/\/cyclingcanada.ca\/wp-content\/uploads\/2026\/01\/2025-U17-U19-men-ITT.pdf\" target=\"_blank\" rel=\"noreferrer noopener\">C.l.m.i. hommes<\/a><\/li>\n\n\n\n<li><a href=\"https:\/\/cyclingcanada.ca\/wp-content\/uploads\/2026\/01\/2025-U17-U19-women-RR.pdf\" target=\"_blank\" rel=\"noreferrer noopener\">Course sur route femmes<\/a><\/li>\n\n\n\n<li><a href=\"https:\/\/cyclingcanada.ca\/wp-content\/uploads\/2026\/01\/2025-U17-U19-men-RR.pdf\" target=\"_blank\" rel=\"noreferrer noopener\">Course sur route hommes<\/a><\/li>\n<\/ul>\n<\/li>\n<\/ul>\n<\/li>\n<\/ul>\n\n\n\n<p>La Politique sur les frais d\u2019athl\u00e8tes, la Politique de s\u00e9lection g\u00e9n\u00e9rale, les Comit\u00e9s d\u2019entra\u00eeneurs, la Politique sur les athl\u00e8tes priv\u00e9s et ind\u00e9pendants, et d\u2019autres politiques li\u00e9s \u00e0 la haute performance se trouvent sur <a href=\"https:\/\/cyclingcanada.ca\/fr\/ressources\/ressources-pour-athletes\/reglements-et-politiques\/\" target=\"_blank\" rel=\"noreferrer noopener\">cette page<\/a>.<\/p>\n\n\n\n<h4 class=\"wp-block-heading\">D\u00e9cisions de s\u00e9lection 2025<\/h4>\n\n\n\n<ul class=\"wp-block-list\">\n<li>Projet printanier junior femmes Bill Buckley (<a href=\"https:\/\/cyclingcanada.ca\/wp-content\/uploads\/2026\/01\/2026-01-29-Junior-Women-Spring-Road-prelim.pdf\" target=\"_blank\" rel=\"noreferrer noopener\">s\u00e9lection pr\u00e9liminaire<\/a> publi\u00e9e le 29 janvier 2026; <a href=\"https:\/\/cyclingcanada.ca\/wp-content\/uploads\/2026\/02\/2026-02-11-Junior-Women-Spring-Road-final.pdf\" target=\"_blank\" rel=\"noreferrer noopener\">s\u00e9lection finale<\/a> publi\u00e9e le 11 f\u00e9vrier 2026)<\/li>\n\n\n\n<li>Projet printanier junior hommes Bill Buckley (<a href=\"https:\/\/cyclingcanada.ca\/wp-content\/uploads\/2026\/01\/2026-01-29-Junior-Men-Spring-Road-prelim.pdf\" target=\"_blank\" rel=\"noreferrer noopener\">s\u00e9lection pr\u00e9liminaire<\/a> publi\u00e9e le 29 janvier 2026; <a href=\"https:\/\/cyclingcanada.ca\/wp-content\/uploads\/2026\/02\/2026-02-11-Junior-Men-Spring-Road-final.pdf\" target=\"_blank\" rel=\"noreferrer noopener\">s\u00e9lection finale<\/a> publi\u00e9e le 11 f\u00e9vrier 2026)<\/li>\n<\/ul>\n\n\n\n<h4 class=\"wp-block-heading\">D\u00e9cisions de s\u00e9lection pr\u00e9c\u00e9dentes<\/h4>\n\n\n\n<ul class=\"wp-block-list\">\n<li><a href=\"https:\/\/cyclingcanada.ca\/wp-content\/uploads\/2026\/03\/2025-National-Team-Selection-Decisions-Road.pdf\" target=\"_blank\" rel=\"noreferrer noopener\">D\u00e9cisions de s\u00e9lection de l&#8217;\u00e9quipe nationale route 2025<\/a><\/li>\n\n\n\n<li><a href=\"https:\/\/cyclingcanada.ca\/wp-content\/uploads\/2025\/05\/2024-National-Team-Selection-Decisions-Road.pdf\" target=\"_blank\" rel=\"noreferrer noopener\">D\u00e9cisions de s\u00e9lection de l&#8217;\u00e9quipe nationale route 2024<\/a><\/li>\n\n\n\n<li><a href=\"https:\/\/cyclingcanada.ca\/wp-content\/uploads\/2024\/02\/Decisions-de-selection-de-lequipe-national-2023-Route.pdf\" target=\"_blank\" rel=\"noreferrer noopener\">D\u00e9cisions de s\u00e9lection de l\u2019\u00e9quipe nationale route 2023<\/a><\/li>\n\n\n\n<li><a href=\"https:\/\/cyclingcanada.ca\/wp-content\/uploads\/2024\/08\/2022-National-Team-Selection-Decisions-Road-FR.pdf\" target=\"_blank\" rel=\"noreferrer noopener\">D\u00e9cisions de s\u00e9lection de l\u2019\u00e9quipe nationale route 2022<\/a><\/li>\n<\/ul>\n\n<\/div>\r\n        <\/div>\r\n    <\/div>\r\n<\/div>\n\n\r\n<div class=\"tab-details block_4572df1c2576d6fddae069325b8f0ba6 align wp-block-acf-tab-item\" data-tab-id=\"block_4572df1c2576d6fddae069325b8f0ba6\" data-tab-anchor=\"piste\">\r\n    <div class=\"tab-title\" hidden>Piste<\/div>\r\n    <div class=\"tab-content\" id=\"content-block_4572df1c2576d6fddae069325b8f0ba6\" role=\"tabpanel\" aria-labelledby=\"nav-block_4572df1c2576d6fddae069325b8f0ba6\">\r\n        <div class=\"tab-content-inner\">\r\n            <div class=\"acf-innerblocks-container\">\n\n<h4 class=\"wp-block-heading has-primary-color has-text-color has-link-color wp-elements-166cf836e1606e813c081f0bbbb60c88\">Politiques et documents de s\u00e9lection piste 2026<\/h4>\n\n\n\n<ul class=\"wp-block-list\">\n<li><a href=\"https:\/\/forms.office.com\/Pages\/ResponsePage.aspx?id=ikfWSzDTHkCCB0zLi4M0S1jpsAkfuz1FjhjRzyd2iVFUMzI2N0JWMjBOTzlYTlRHVVRZMkMxUzVXWCQlQCN0PWcu\" data-type=\"link\" data-id=\"https:\/\/forms.office.com\/Pages\/ResponsePage.aspx?id=ikfWSzDTHkCCB0zLi4M0S1jpsAkfuz1FjhjRzyd2iVFUMzI2N0JWMjBOTzlYTlRHVVRZMkMxUzVXWCQlQCN0PWcu\" target=\"_blank\" rel=\"noreferrer noopener\">Formulaire d\u2019application pour les projets sur piste 2026<\/a><\/li>\n\n\n\n<li><a href=\"https:\/\/cyclingcanada.ca\/wp-content\/uploads\/2026\/01\/2026-01-26-2026-Track-Endurance-Selection-Policy-FR.pdf\" data-type=\"link\" data-id=\"https:\/\/cyclingcanada.ca\/wp-content\/uploads\/2025\/11\/2025-11-05-2025-Track-Endurance-Selection-Policy-DRAFT-FR.pdf\" target=\"_blank\" rel=\"noreferrer noopener\">Politique de s\u00e9lection de l&#8217;endurance sur piste 2026<\/a>&nbsp;(\u00c9BAUCHE publi\u00e9e le 13 novembre 2025; FINALE publi\u00e9e le 18 d\u00e9cembre 2025; MISE \u00c0 JOUR le 26 janvier 2026)\n<ul class=\"wp-block-list\">\n<li><a href=\"https:\/\/cyclingcanada.ca\/wp-content\/uploads\/2025\/12\/2025-12-18-Track-endurance-criteria-feedback.pdf\" target=\"_blank\" rel=\"noreferrer noopener\">Commentaires sur les crit\u00e8res de s\u00e9lection piste endurance, avec r\u00e9ponses<\/a> (publi\u00e9 le 18 d\u00e9cembre 2025)<\/li>\n<\/ul>\n<\/li>\n\n\n\n<li><a href=\"https:\/\/cyclingcanada.ca\/wp-content\/uploads\/2026\/02\/2026-01-14-2026-Track-Sprint-Selection-Policy-FR.pdf\" target=\"_blank\" rel=\"noreferrer noopener\">Politique de s\u00e9lection de sprint 2026<\/a> (\u00c9BAUCHE publi\u00e9e le 18 d\u00e9cembre 2025; FINALE publi\u00e9e le 14 janvier 2026)\n<ul class=\"wp-block-list\">\n<li><a href=\"https:\/\/cyclingcanada.ca\/wp-content\/uploads\/2026\/01\/2026-01-19-Track-Sprint-criteria-feedback.pdf\" target=\"_blank\" rel=\"noreferrer noopener\">Commentaires sur les crit\u00e8res de s\u00e9lection piste sprint, avec r\u00e9ponses<\/a> (publi\u00e9 le 14 janvier 2026; mise \u00e0 jour le 19 janvier 2026)<\/li>\n<\/ul>\n<\/li>\n\n\n\n<li><a href=\"https:\/\/cyclingcanada.ca\/wp-content\/uploads\/2026\/03\/2026-03-24-2026-Junior-Track-Selection-Policy-FR-UPDATE.pdf\" data-type=\"link\" data-id=\"https:\/\/cyclingcanada.ca\/wp-content\/uploads\/2025\/11\/2025-11-05-2026-Junior-Track-Selection-Policy-FR-1.pdf\" target=\"_blank\" rel=\"noreferrer noopener\">Politique de s\u00e9lection piste junior 2026 <\/a>(\u00c9BAUCHE publi\u00e9e le 6 novembre 2025; FINALE publi\u00e9e le 10 f\u00e9vrier 2026; MISE \u00c0 JOUR publi\u00e9e le 24 mars 2026)<\/li>\n\n\n\n<li><a href=\"https:\/\/cyclingcanada.ca\/wp-content\/uploads\/2026\/01\/2026-01-08-2026-CWG-Selection-Policy-FR.pdf\" data-type=\"link\" data-id=\"https:\/\/cyclingcanada.ca\/wp-content\/uploads\/2025\/11\/2025-10-08-2026-CWG-Selection-Policy-DRAFT-FR-2.pdf\" target=\"_blank\" rel=\"noreferrer noopener\">Politique de s\u00e9lection pour les Jeux du Commonwealth 2026<\/a> (\u00c9BAUCHE publi\u00e9e le 8 octobre 2025; FINALE publi\u00e9e le 8 janvier 2026)<\/li>\n\n\n\n<li><a href=\"https:\/\/cyclingcanada.ca\/wp-content\/uploads\/2025\/11\/Time-Track-Standards-2026.pdf\" data-type=\"link\" data-id=\"https:\/\/cyclingcanada.ca\/wp-content\/uploads\/2025\/11\/Time-Track-Standards-2026.pdf\">Standards de temps piste 2026 <\/a>(version du 10 novembre 2025)<\/li>\n<\/ul>\n\n\n\n<p>La Politique sur les frais d\u2019athl\u00e8tes, la Politique de s\u00e9lection g\u00e9n\u00e9rale, les Comit\u00e9s d\u2019entra\u00eeneurs, la Politique sur les athl\u00e8tes priv\u00e9s et ind\u00e9pendants, et d\u2019autres politiques li\u00e9s \u00e0 la haute performance se trouvent sur <a href=\"https:\/\/cyclingcanada.ca\/fr\/ressources\/ressources-pour-athletes\/reglements-et-politiques\/\" target=\"_blank\" rel=\"noreferrer noopener\">cette page<\/a>.<\/p>\n\n\n\n<h4 class=\"wp-block-heading\">D\u00e9cisions de s\u00e9lection 2026<\/h4>\n\n\n\n<ul class=\"wp-block-list\">\n<li>Championnats du monde UCI junior piste 2026 (<a href=\"https:\/\/cyclingcanada.ca\/wp-content\/uploads\/2026\/04\/2026-04-07-Jr.-Track-Worlds-prelim.pdf\" target=\"_blank\" rel=\"noreferrer noopener\">S\u00e9lect<\/a><a href=\"https:\/\/cyclingcanada.ca\/wp-content\/uploads\/2026\/04\/2026-04-07-Jr.-Track-Worlds-prelim-1.pdf\" target=\"_blank\" rel=\"noreferrer noopener\">i<\/a><a href=\"https:\/\/cyclingcanada.ca\/wp-content\/uploads\/2026\/04\/2026-04-07-Jr.-Track-Worlds-prelim.pdf\" target=\"_blank\" rel=\"noreferrer noopener\">on pr\u00e9liminaire<\/a> publi\u00e9e le 7 avril 2026)<\/li>\n\n\n\n<li>Coupes du monde UCI II &amp; III 2026 &#8211; sprint (<a href=\"https:\/\/cyclingcanada.ca\/wp-content\/uploads\/2026\/03\/2026-03-03-Track-Sprint-WC-II-III-prelim.pdf\" target=\"_blank\" rel=\"noreferrer noopener\">S\u00e9lection pr\u00e9liminaire<\/a> publi\u00e9e le 3 mars 2026; <a href=\"https:\/\/cyclingcanada.ca\/wp-content\/uploads\/2026\/03\/2026-03-12-Track-Sprint-WC-II-III-final.pdf\" target=\"_blank\" rel=\"noreferrer noopener\">s\u00e9lection finale<\/a> publi\u00e9e le 12 mars 2026)<\/li>\n\n\n\n<li>Coupe du monde UCI III 2026 &#8211; courses de peloton endurance (<a href=\"https:\/\/cyclingcanada.ca\/wp-content\/uploads\/2026\/01\/2026-01-26-Track-Endurance-bunch-WCIII-prelim.pdf\" target=\"_blank\" rel=\"noreferrer noopener\">S\u00e9lection pr\u00e9liminaire<\/a> publi\u00e9e le 26 janvier 2026; <a href=\"https:\/\/cyclingcanada.ca\/wp-content\/uploads\/2026\/02\/2026-02-10-Track-Endurance-bunch-WCIII-final-1.pdf\" target=\"_blank\" rel=\"noreferrer noopener\">s\u00e9lection finale<\/a> publi\u00e9e le 10 f\u00e9vrier 2026)<\/li>\n\n\n\n<li>Coupe du monde UCI II 2026 &#8211; courses de peloton endurance (<a href=\"https:\/\/cyclingcanada.ca\/wp-content\/uploads\/2026\/01\/2026-01-26-Track-Endurance-bunch-WCII-prelim.pdf\" data-type=\"link\" data-id=\"https:\/\/cyclingcanada.ca\/wp-content\/uploads\/2026\/01\/2026-01-26-Track-Endurance-bunch-WCII-prelim.pdf\" target=\"_blank\" rel=\"noreferrer noopener\">S\u00e9lection pr\u00e9liminaire<\/a> publi\u00e9e le 26 janvier 2026; <a href=\"https:\/\/cyclingcanada.ca\/wp-content\/uploads\/2026\/02\/2026-02-10-Track-Endurance-bunch-WCII-final.pdf\" target=\"_blank\" rel=\"noreferrer noopener\">s\u00e9lection finale<\/a> publi\u00e9e le 10 f\u00e9vrier 2026)<\/li>\n\n\n\n<li>Championnats panam\u00e9ricains sur piste 2026 &#8211; courses de peloton endurance (<a href=\"https:\/\/cyclingcanada.ca\/wp-content\/uploads\/2026\/01\/2026-01-26-Track-Endurance-bunch-PAC-prelim.pdf\" target=\"_blank\" rel=\"noreferrer noopener\">S\u00e9lection pr\u00e9liminaire<\/a> publi\u00e9e le 26 janvier 2026; <a href=\"https:\/\/cyclingcanada.ca\/wp-content\/uploads\/2026\/02\/2026-02-10-Track-Endurance-bunch-PAC-final.pdf\" target=\"_blank\" rel=\"noreferrer noopener\">s\u00e9lection finale<\/a> publi\u00e9e le 10 f\u00e9vrier 2026)<\/li>\n\n\n\n<li>Coupe du monde UCI II 2026 &#8211; poursuite par \u00e9quipes (<a href=\"https:\/\/cyclingcanada.ca\/wp-content\/uploads\/2026\/01\/2026-01-15B-Track-Endurance-TP-WCII-prelim.pdf\" target=\"_blank\" rel=\"noreferrer noopener\">S\u00e9lection pr\u00e9liminaire<\/a> publi\u00e9e le 15 janvier 2026; <a href=\"https:\/\/cyclingcanada.ca\/wp-content\/uploads\/2026\/01\/2026-01-23-Track-Endurance-TP-WCII-final.pdf\" target=\"_blank\" rel=\"noreferrer noopener\">s\u00e9lection finale<\/a> publi\u00e9e le 23 janvier 2026)<\/li>\n\n\n\n<li>Championnats panam\u00e9ricains sur piste 2026 &#8211; sprint (<a href=\"https:\/\/cyclingcanada.ca\/wp-content\/uploads\/2026\/01\/2026-01-15-Track-Sprint-PAC-prelim.pdf\" target=\"_blank\" rel=\"noreferrer noopener\">S\u00e9lection pr\u00e9liminaire<\/a> publi\u00e9e le 15 janvier 2026; <a href=\"https:\/\/cyclingcanada.ca\/wp-content\/uploads\/2026\/01\/2026-01-23-Track-Sprint-PAC-final.pdf\" target=\"_blank\" rel=\"noreferrer noopener\">s\u00e9lection finale<\/a> publi\u00e9e le 23 janvier 2026)<\/li>\n\n\n\n<li>Championnats panam\u00e9ricains sur piste 2026 &#8211; poursuite par \u00e9quipes (<a href=\"https:\/\/cyclingcanada.ca\/wp-content\/uploads\/2026\/01\/2026-01-15B-Track-Endurance-TP-PAC-prelim.pdf\">S\u00e9lection pr\u00e9liminaire<\/a> publi\u00e9e le 15 janvier 2026; <a href=\"https:\/\/cyclingcanada.ca\/wp-content\/uploads\/2026\/01\/2026-01-23-Track-Endurance-TP-PAC-final.pdf\" target=\"_blank\" rel=\"noreferrer noopener\">s\u00e9lection finale<\/a> publi\u00e9e le 23 janvier 2026)<\/li>\n\n\n\n<li>Apeldoorn Next Generation (<a href=\"https:\/\/cyclingcanada.ca\/wp-content\/uploads\/2025\/11\/2025-11-28-Prelim-Apeldoorn-Next-Gen-1.pdf\" data-type=\"link\" data-id=\"https:\/\/cyclingcanada.ca\/wp-content\/uploads\/2025\/11\/2025-11-28-Prelim-Apeldoorn-Next-Gen-1.pdf\" target=\"_blank\" rel=\"noreferrer noopener\">S\u00e9lection pr\u00e9liminaire<\/a> publi\u00e9e le 28 novembre 2025; <a href=\"https:\/\/cyclingcanada.ca\/wp-content\/uploads\/2025\/12\/2025-12-08C-Final-Apeldoorn-Next-Gen.pdf\" target=\"_blank\" rel=\"noreferrer noopener\">s\u00e9lection finale<\/a> publi\u00e9e le 8 d\u00e9cembre 2025)<\/li>\n<\/ul>\n\n\n\n<h4 class=\"wp-block-heading\">D\u00e9cisions de s\u00e9lection pr\u00e9c\u00e9dentes<\/h4>\n\n\n\n<ul class=\"wp-block-list\">\n<li><a href=\"https:\/\/cyclingcanada.ca\/wp-content\/uploads\/2026\/03\/2025-National-Team-Selection-Decisions-Track.pdf\" target=\"_blank\" rel=\"noreferrer noopener\">D\u00e9cisions de s\u00e9lection de l&#8217;\u00e9quipe nationale piste 2025<\/a><\/li>\n\n\n\n<li><a href=\"https:\/\/cyclingcanada.ca\/wp-content\/uploads\/2025\/05\/2024-National-Team-Selection-Decisions-Track-1.pdf\" target=\"_blank\" rel=\"noreferrer noopener\">D\u00e9cisions de s\u00e9lection de l&#8217;\u00e9quipe nationale piste 2024<\/a><\/li>\n\n\n\n<li><a href=\"https:\/\/cyclingcanada.ca\/wp-content\/uploads\/2024\/02\/Decisions-de-selection-de-lequipe-national-2023-Piste.pdf\" target=\"_blank\" rel=\"noreferrer noopener\">D\u00e9cisions de s\u00e9lection de l\u2019\u00e9quipe nationale piste 2023<\/a><\/li>\n\n\n\n<li><a href=\"https:\/\/cyclingcanada.ca\/wp-content\/uploads\/2024\/08\/2022-National-Team-Selection-Decisions-Track-FR.pdf\" target=\"_blank\" rel=\"noreferrer noopener\">D\u00e9cisions de s\u00e9lection de l\u2019\u00e9quipe nationale piste 2022<\/a><\/li>\n<\/ul>\n\n<\/div>\r\n        <\/div>\r\n    <\/div>\r\n<\/div>\n\n\r\n<div class=\"tab-details block_fd2943d50c0c566b0df9286c8ed5f9db align wp-block-acf-tab-item\" data-tab-id=\"block_fd2943d50c0c566b0df9286c8ed5f9db\" data-tab-anchor=\"privateers\">\r\n    <div class=\"tab-title\" hidden>Privateers<\/div>\r\n    <div class=\"tab-content\" id=\"content-block_fd2943d50c0c566b0df9286c8ed5f9db\" role=\"tabpanel\" aria-labelledby=\"nav-block_fd2943d50c0c566b0df9286c8ed5f9db\">\r\n        <div class=\"tab-content-inner\">\r\n            <div class=\"acf-innerblocks-container\">\n\n<h4 class=\"wp-block-heading\">Politiques de s\u00e9lection Privateers &amp; IND\u00c9PENDANTS<\/h4>\n\n\n\n<p>Pour certaines comp\u00e9titions internationales, les athl\u00e8tes peuvent participer sans faire partie d&#8217;un groupe sportif ou d&#8217;un projet d&#8217;\u00e9quipe nationale, mais sont tenus par les r\u00e8glements de l&#8217;UCI de porter leur uniforme de l&#8217;\u00e9quipe nationale; \u00eatre inscrit par sa f\u00e9d\u00e9ration nationale; se voir attribuer un poste de d\u00e9part dans le cadre d&#8217;un quota limit\u00e9 par nation; ou une combinaison des trois.<\/p>\n\n\n\n<p>Cyclisme Canada (CC) d\u00e9signe ces athl\u00e8tes comme \u00e9tant ind\u00e9pendants ou priv\u00e9s, selon que l&#8217;uniforme de l&#8217;\u00e9quipe nationale est exig\u00e9 par les r\u00e8glements de l&#8217;UCI, comme suit :<\/p>\n\n\n\n<ul class=\"wp-block-list\">\n<li><strong>Athl\u00e8tes ind\u00e9pendants :&nbsp;<\/strong>Athl\u00e8tes qui ne sont pas tenus de porter l&#8217;uniforme de l&#8217;\u00e9quipe nationale, mais qui ont besoin du soutien du CC pour obtenir une place au quota et\/ou s&#8217;inscrire \u00e0 un \u00e9v\u00e9nement international.&nbsp;<\/li>\n\n\n\n<li><strong>Athl\u00e8tes priv\u00e9s (\u00ab&nbsp;Privateer&nbsp;\u00bb en anglais)&nbsp;:&nbsp;<\/strong>Athl\u00e8tes qui sont tenus de porter l&#8217;uniforme de l&#8217;\u00e9quipe nationale lors d&#8217;un \u00e9v\u00e9nement international, mais qui ne font pas partie d&#8217;un projet de l&#8217;\u00e9quipe nationale.<\/li>\n<\/ul>\n\n\n\n<p>Les formulaires, calendriers et politiques suivants ont pour but d&#8217;aider les athl\u00e8tes priv\u00e9s et ind\u00e9pendants \u00e0 acc\u00e9der aux places de quota et au soutien dont ils ont besoin de la part de CC pour participer \u00e0 ces \u00e9v\u00e9nements.<\/p>\n\n\n\n<p>Politique des athl\u00e8tes priv\u00e9s et ind\u00e9pendants<\/p>\n\n\n\n<ul class=\"wp-block-list\">\n<li><strong><span style=\"text-decoration: underline\"><a href=\"https:\/\/cyclingcanada.ca\/wp-content\/uploads\/2026\/03\/2026-02-10-Privateer-Independent-Policy-FR2.pdf\" target=\"_blank\" rel=\"noreferrer noopener\">Politique des athl\u00e8tes priv\u00e9s et ind\u00e9pendants<\/a><\/span><\/strong> (version du 10 f\u00e9vrier 2026)<\/li>\n<\/ul>\n\n\n\n<p>Formulaires d&#8217;application 2026<\/p>\n\n\n\n<ul class=\"wp-block-list\">\n<li><strong><a href=\"https:\/\/forms.office.com\/Pages\/ResponsePage.aspx?id=ikfWSzDTHkCCB0zLi4M0S-S0N7Vr3VZFlZwQTawBO6BUOEJRNUpUQThTQk9XSDJVUTNMWUpWT01ZTCQlQCN0PWcu\" target=\"_blank\" rel=\"noreferrer noopener\">Formulaire d&#8217;application 2026 pour les athl\u00e8tes priv\u00e9s<\/a> et ind\u00e9pendants<\/strong><\/li>\n\n\n\n<li><strong><a href=\"https:\/\/forms.office.com\/Pages\/ResponsePage.aspx?id=ikfWSzDTHkCCB0zLi4M0S-S0N7Vr3VZFlZwQTawBO6BUNDhWRkIwRkI5SFUyTUJPVklZNU9CMlhNVCQlQCN0PWcu\" target=\"_blank\" rel=\"noreferrer noopener\">Formulaire d&#8217;application 2026 pour la s\u00e9rie XCO Junior de l&#8217;UCI<\/a><\/strong><\/li>\n\n\n\n<li><strong><a href=\"https:\/\/forms.office.com\/Pages\/ResponsePage.aspx?id=ikfWSzDTHkCCB0zLi4M0S1jpsAkfuz1FjhjRzyd2iVFUMU00WFFEWVhZOU03QUQxMEhZVUIyMUtZUiQlQCN0PWcu\" target=\"_blank\" rel=\"noreferrer noopener\">Formulaire d&#8217;application 2026 pour les championnats du monde EDR<\/a><\/strong><\/li>\n<\/ul>\n\n\n\n<p>Calendrier des opportunit\u00e9s pour les athl\u00e8tes priv\u00e9s<\/p>\n\n\n\n<ul class=\"wp-block-list\">\n<li><a href=\"https:\/\/cyclingcanada.ca\/wp-content\/uploads\/2026\/03\/2026-03-24-MTB-Privateer-calendar.pdf\" target=\"_blank\" rel=\"noreferrer noopener\"><strong>Calendrier 2026 des opportunit\u00e9s pour les athl\u00e8tes priv\u00e9s en DHI, EDR et XCO<\/strong><\/a><\/li>\n\n\n\n<li><strong><a href=\"https:\/\/cyclingcanada.ca\/wp-content\/uploads\/2026\/02\/2026-Recognized-gravel-events.pdf\" target=\"_blank\" rel=\"noreferrer noopener\">Liste des \u00e9preuves gravel reconnues en 2026<\/a><\/strong><\/li>\n\n\n\n<li>Calendrier 2026-27 des opportunit\u00e9s pour les athl\u00e8tes priv\u00e9s en cyclo-cross [<em>\u00e0 venir durant l&#8217;\u00e9t\u00e9 2026<\/em>]<\/li>\n<\/ul>\n\n\n\n<p>La Politique sur les frais d\u2019athl\u00e8tes, la Politique de s\u00e9lection g\u00e9n\u00e9rale, les Comit\u00e9s d\u2019entra\u00eeneurs et d\u2019autres politiques li\u00e9s \u00e0 la haute performance se trouvent sur <a href=\"https:\/\/cyclingcanada.ca\/fr\/ressources\/ressources-pour-athletes\/reglements-et-politiques\/\" target=\"_blank\" rel=\"noreferrer noopener\">cette page<\/a>.<\/p>\n\n<\/div>\r\n        <\/div>\r\n    <\/div>\r\n<\/div>\n<\/div>\r\n\t<\/div>\r\n<\/div>\r\n\n\n\n<div style=\"margin-top:0;margin-bottom:0;height:var(--wp--preset--spacing--x-large)\" aria-hidden=\"true\" class=\"wp-block-spacer\"><\/div>\n\n\n\n<div class=\"wp-block-buttons alignwide is-content-justification-center is-layout-flex wp-container-core-buttons-is-layout-2bb63ab0 wp-block-buttons-is-layout-flex\">\n<div class=\"wp-block-button has-custom-width wp-block-button__width-50\"><a class=\"wp-block-button__link has-black-color has-gainsboro-background-color has-text-color has-background has-link-color has-poppins-font-family has-normal-font-size has-custom-font-size wp-element-button\" href=\"https:\/\/cyclingcanada.ca\/fr\/ressources\/ressources-pour-athletes\/\" style=\"padding-top:1.4rem;padding-bottom:1.4rem;letter-spacing:2px\">&lt; Retour \u00e0 ressources pour athl\u00e8tes<\/a><\/div>\n\n\n\n<div class=\"wp-block-button has-custom-width wp-block-button__width-50 is-style-fill\"><a class=\"wp-block-button__link has-white-color has-primary-background-color has-text-color has-background has-link-color has-poppins-font-family has-normal-font-size has-custom-font-size wp-element-button\" href=\"https:\/\/cyclingcanada.ca\/fr\/ressources\/ressources-pour-athletes\/programme-daide-aux-athletes\/\" style=\"padding-top:1.4rem;padding-bottom:1.4rem;letter-spacing:2px\">Suivant: Programme d\u2019aide aux athl\u00e8tes &gt;<\/a><\/div>\n<\/div>\n<\/div>\n\n\n\n<p><\/p>\n","protected":false},"excerpt":{"rendered":"<p>S\u00e9lection nationale<\/p>\n","protected":false},"author":46,"featured_media":0,"parent":36666,"menu_order":0,"comment_status":"closed","ping_status":"closed","template":"","meta":{"_acf_changed":false,"advanced_seo_description":"","jetpack_seo_html_title":"","jetpack_seo_noindex":false,"footnotes":""},"class_list":["post-69813","page","type-page","status-publish","hentry"],"acf":[],"jetpack_sharing_enabled":true,"_links":{"self":[{"href":"https:\/\/cyclingcanada.ca\/fr\/wp-json\/wp\/v2\/pages\/69813","targetHints":{"allow":["GET"]}}],"collection":[{"href":"https:\/\/cyclingcanada.ca\/fr\/wp-json\/wp\/v2\/pages"}],"about":[{"href":"https:\/\/cyclingcanada.ca\/fr\/wp-json\/wp\/v2\/types\/page"}],"author":[{"embeddable":true,"href":"https:\/\/cyclingcanada.ca\/fr\/wp-json\/wp\/v2\/users\/46"}],"replies":[{"embeddable":true,"href":"https:\/\/cyclingcanada.ca\/fr\/wp-json\/wp\/v2\/comments?post=69813"}],"version-history":[{"count":177,"href":"https:\/\/cyclingcanada.ca\/fr\/wp-json\/wp\/v2\/pages\/69813\/revisions"}],"predecessor-version":[{"id":77884,"href":"https:\/\/cyclingcanada.ca\/fr\/wp-json\/wp\/v2\/pages\/69813\/revisions\/77884"}],"up":[{"embeddable":true,"href":"https:\/\/cyclingcanada.ca\/fr\/wp-json\/wp\/v2\/pages\/36666"}],"wp:attachment":[{"href":"https:\/\/cyclingcanada.ca\/fr\/wp-json\/wp\/v2\/media?parent=69813"}],"curies":[{"name":"wp","href":"https:\/\/api.w.org\/{rel}","templated":true}]}}