{"id":80611,"date":"2026-09-01T10:06:50","date_gmt":"2026-09-01T14:06:50","guid":{"rendered":"https:\/\/cyclingcanada.ca\/paracyclisme\/"},"modified":"2026-09-01T10:52:52","modified_gmt":"2026-09-01T14:52:52","slug":"paracyclisme","status":"publish","type":"page","link":"https:\/\/cyclingcanada.ca\/fr\/paracyclisme\/","title":{"rendered":"Paracyclisme"},"content":{"rendered":"\n<div class=\"wp-block-cover alignfull is-light has-custom-content-position is-position-bottom-center position-top\" style=\"margin-top:0;margin-bottom:0;padding-bottom:var(--wp--preset--spacing--x-large);min-height:605px;aspect-ratio:unset;\"><img width=\"2560\" height=\"1707\" src=\"https:\/\/cyclingcanada.ca\/wp-content\/uploads\/2026\/06\/AW6_3767-Alex-Whitehead-SWpix.com-4-scaled.jpg\" class=\"wp-block-cover__image-background wp-post-image\" alt=\"\" data-object-fit=\"cover\" decoding=\"async\" fetchpriority=\"high\" srcset=\"https:\/\/cyclingcanada.ca\/wp-content\/uploads\/2026\/06\/AW6_3767-Alex-Whitehead-SWpix.com-4-scaled.jpg 2560w, https:\/\/cyclingcanada.ca\/wp-content\/uploads\/2026\/06\/AW6_3767-Alex-Whitehead-SWpix.com-4-640x427.jpg 640w, https:\/\/cyclingcanada.ca\/wp-content\/uploads\/2026\/06\/AW6_3767-Alex-Whitehead-SWpix.com-4-1280x853.jpg 1280w, https:\/\/cyclingcanada.ca\/wp-content\/uploads\/2026\/06\/AW6_3767-Alex-Whitehead-SWpix.com-4-768x512.jpg 768w, https:\/\/cyclingcanada.ca\/wp-content\/uploads\/2026\/06\/AW6_3767-Alex-Whitehead-SWpix.com-4-1536x1024.jpg 1536w, https:\/\/cyclingcanada.ca\/wp-content\/uploads\/2026\/06\/AW6_3767-Alex-Whitehead-SWpix.com-4-2048x1365.jpg 2048w\" sizes=\"(max-width: 2560px) 100vw, 2560px\" \/><span aria-hidden=\"true\" class=\"wp-block-cover__background has-background-dim-0 has-background-dim\"><\/span><div class=\"wp-block-cover__inner-container is-layout-flow wp-block-cover-is-layout-flow\">\n<div class=\"wp-block-group has-global-padding is-layout-constrained wp-block-group-is-layout-constrained\">\n<div class=\"wp-block-group alignwide is-nowrap is-layout-flex wp-container-core-group-is-layout-7387b849 wp-block-group-is-layout-flex\">\n<h1 class=\"wp-block-heading has-text-align-left is-style-hero-heading has-primary-color has-white-background-color has-text-color has-background has-link-color has-xx-large-font-size wp-elements-aa311f205fddd9b7a1b3addd9926e683\" style=\"margin-left:-375px;padding-top:5px;padding-right:45px;padding-bottom:5px;padding-left:380px\">Paracyclisme<\/h1>\n<\/div>\n<\/div>\n<\/div><\/div>\n\n<p class=\"has-text-align-center wp-block-paragraph\">Cyclisme Canada s\u2019engage \u00e0 faire progresser le paracyclisme \u00e0 l\u2019\u00e9chelle nationale et \u00e0 soutenir les athl\u00e8tes \u00e0 chaque \u00e9tape de leur d\u00e9veloppement. Notre travail couvre la participation de base, l\u2019implication des provinces et des clubs, les parcours de haute performance, le programme de l\u2019\u00c9quipe nationale et bien plus encore.<br \/>Cette page constitue le carrefour central du paracyclisme de Cyclisme Canada. Elle met les athl\u00e8tes en lien avec les renseignements essentiels, notamment ce qu\u2019est le paracyclisme, les diff\u00e9rents types de v\u00e9los et les \u00e9preuves, la classification, la fa\u00e7on de d\u00e9buter, ainsi que les parcours menant aux programmes de d\u00e9veloppement et \u00e0 l\u2019\u00c9quipe nationale.  <\/p>\n\n<div class=\"wp-block-group alignwide has-global-padding is-layout-constrained wp-block-group-is-layout-constrained\" style=\"padding-top:var(--wp--preset--spacing--large);padding-bottom:var(--wp--preset--spacing--large)\">\n<div class=\"wp-block-columns alignwide donation-columns is-layout-flex wp-container-core-columns-is-layout-a4829487 wp-block-columns-is-layout-flex\">\n<div class=\"wp-block-column has-gainsboro-background-color has-background is-layout-flow wp-block-column-is-layout-flow\" style=\"padding-top:var(--wp--preset--spacing--xx-large);padding-right:var(--wp--preset--spacing--medium);padding-bottom:var(--wp--preset--spacing--xx-large);padding-left:var(--wp--preset--spacing--medium)\">\n<div class=\"wp-block-buttons has-hochelaga-font-family is-content-justification-center is-layout-flex wp-container-core-buttons-is-layout-3e41869c wp-block-buttons-is-layout-flex\">\n<div class=\"wp-block-button is-style-fill nobreak\"><a class=\"wp-block-button__link has-primary-color has-gainsboro-background-color has-text-color has-background has-link-color has-hochelaga-font-family wp-element-button\" href=\"https:\/\/cyclingcanada.ca\/fr\/?page_id=80627#road\" style=\"border-bottom-color:var(--wp--preset--color--primary);border-bottom-width:2px;padding-top:5px;padding-right:0;padding-bottom:5px;padding-left:0\">Qu\u2019est-ce que le paracyclisme?<\/a><\/div>\n<\/div>\n<\/div>\n\n\n\n<div class=\"wp-block-column has-gainsboro-background-color has-background is-layout-flow wp-block-column-is-layout-flow\" style=\"padding-top:var(--wp--preset--spacing--xx-large);padding-right:var(--wp--preset--spacing--medium);padding-bottom:var(--wp--preset--spacing--xx-large);padding-left:var(--wp--preset--spacing--medium)\">\n<div class=\"wp-block-buttons has-hochelaga-font-family is-content-justification-center is-layout-flex wp-container-core-buttons-is-layout-3e41869c wp-block-buttons-is-layout-flex\">\n<div class=\"wp-block-button is-style-fill nobreak\"><a class=\"wp-block-button__link has-primary-color has-gainsboro-background-color has-text-color has-background has-link-color has-hochelaga-font-family wp-element-button\" href=\"https:\/\/cyclingcanada.ca\/fr\/?page_id=78777#try-it-events\" style=\"border-bottom-color:var(--wp--preset--color--primary);border-bottom-width:2px;padding-top:5px;padding-right:0;padding-bottom:5px;padding-left:0\">Comment commencer en paracyclisme<\/a><\/div>\n<\/div>\n<\/div>\n<\/div>\n\n\n\n<div class=\"wp-block-columns alignwide donation-columns is-layout-flex wp-container-core-columns-is-layout-a4829487 wp-block-columns-is-layout-flex\">\n<div class=\"wp-block-column has-gainsboro-background-color has-background is-layout-flow wp-block-column-is-layout-flow\" style=\"padding-top:var(--wp--preset--spacing--xx-large);padding-right:var(--wp--preset--spacing--medium);padding-bottom:var(--wp--preset--spacing--xx-large);padding-left:var(--wp--preset--spacing--medium)\">\n<div class=\"wp-block-buttons has-hochelaga-font-family is-content-justification-center is-layout-flex wp-container-core-buttons-is-layout-3e41869c wp-block-buttons-is-layout-flex\">\n<div class=\"wp-block-button is-style-fill nobreak\"><a class=\"wp-block-button__link has-primary-color has-gainsboro-background-color has-text-color has-background has-link-color has-hochelaga-font-family wp-element-button\" href=\"https:\/\/cyclingcanada.ca\/fr\/80665-2\/\" style=\"border-bottom-color:var(--wp--preset--color--primary);border-bottom-width:2px;padding-top:5px;padding-right:0;padding-bottom:5px;padding-left:0\">\u00c9quipe nationale<\/a><\/div>\n<\/div>\n<\/div>\n\n\n\n<div class=\"wp-block-column has-gainsboro-background-color has-background is-layout-flow wp-block-column-is-layout-flow\" style=\"padding-top:var(--wp--preset--spacing--xx-large);padding-right:var(--wp--preset--spacing--medium);padding-bottom:var(--wp--preset--spacing--xx-large);padding-left:var(--wp--preset--spacing--medium)\">\n<div class=\"wp-block-buttons has-hochelaga-font-family is-content-justification-center is-layout-flex wp-container-core-buttons-is-layout-3e41869c wp-block-buttons-is-layout-flex\">\n<div class=\"wp-block-button  nobreak is-style-fill\"><a class=\"wp-block-button__link has-primary-color has-gainsboro-background-color has-text-color has-background has-link-color has-hochelaga-font-family wp-element-button\" href=\"https:\/\/cyclingcanada.ca\/fr\/equipe-nationale\/paracyclisme\/classification-de-paracyclisme\/\" style=\"border-bottom-color:var(--wp--preset--color--primary);border-bottom-width:2px;padding-top:5px;padding-right:0;padding-bottom:5px;padding-left:0\">Classification<\/a><\/div>\n<\/div>\n<\/div>\n<\/div>\n<\/div>\n\n<div style=\"height:0px\" aria-hidden=\"true\" class=\"wp-block-spacer\"><\/div>\n\n<hr class=\"wp-block-separator has-text-color has-primary-color has-alpha-channel-opacity has-primary-background-color has-background is-style-wide\" style=\"margin-top:0;margin-bottom:0\" \/>\n\n<h4 class=\"wp-block-heading has-text-align-center alignwide\">En savoir plus<\/h4>\n\n<div class=\"wp-block-columns is-layout-flex wp-container-core-columns-is-layout-a4829487 wp-block-columns-is-layout-flex\">\n<div class=\"wp-block-column is-layout-flow wp-block-column-is-layout-flow\">\n<figure class=\"wp-block-embed is-type-video is-provider-youtube wp-block-embed-youtube wp-embed-aspect-16-9 wp-has-aspect-ratio\"><div class=\"wp-block-embed__wrapper\">\n<iframe loading=\"lazy\" title=\"Para-cycling Series - Handcycling\" width=\"500\" height=\"281\" src=\"https:\/\/www.youtube.com\/embed\/f-8-AmfbApQ?feature=oembed\" frameborder=\"0\" allow=\"accelerometer; autoplay; clipboard-write; encrypted-media; gyroscope; picture-in-picture; web-share\" referrerpolicy=\"strict-origin-when-cross-origin\" allowfullscreen><\/iframe>\n<\/div><\/figure>\n\n\n\n<p class=\"wp-block-paragraph\">Les athl\u00e8tes de Cyclisme Canada qui participent aux \u00e9preuves de v\u00e9lo \u00e0 main (handcycle) sont class\u00e9s dans les cat\u00e9gories H1, H2, H3, H4 et H5. Plus le chiffre est \u00e9lev\u00e9, moins la limitation fonctionnelle est importante.<\/p>\n<\/div>\n\n\n\n<div class=\"wp-block-column is-layout-flow wp-block-column-is-layout-flow\">\n<figure class=\"wp-block-embed is-type-video is-provider-youtube wp-block-embed-youtube wp-embed-aspect-16-9 wp-has-aspect-ratio\"><div class=\"wp-block-embed__wrapper\">\n<iframe loading=\"lazy\" title=\"Para-cycling Series - Cycling Category\" width=\"500\" height=\"281\" src=\"https:\/\/www.youtube.com\/embed\/UwysG58ZnIU?feature=oembed\" frameborder=\"0\" allow=\"accelerometer; autoplay; clipboard-write; encrypted-media; gyroscope; picture-in-picture; web-share\" referrerpolicy=\"strict-origin-when-cross-origin\" allowfullscreen><\/iframe>\n<\/div><\/figure>\n\n\n\n<p class=\"wp-block-paragraph\">Les athl\u00e8tes de Cyclisme Canada qui participent aux comp\u00e9titions sur v\u00e9lo conventionnel sont class\u00e9s dans les cat\u00e9gories C1, C2, C3, C4 et C5.<br \/>Ces cat\u00e9gories regroupent les athl\u00e8tes ayant une perte ou une limitation fonctionnelle d\u2019un ou de plusieurs membres sup\u00e9rieurs et\/ou inf\u00e9rieurs.<\/p>\n<\/div>\n<\/div>\n\n<div class=\"wp-block-columns is-layout-flex wp-container-core-columns-is-layout-a4829487 wp-block-columns-is-layout-flex\">\n<div class=\"wp-block-column is-layout-flow wp-block-column-is-layout-flow\">\n<figure class=\"wp-block-embed is-type-video is-provider-youtube wp-block-embed-youtube wp-embed-aspect-16-9 wp-has-aspect-ratio\"><div class=\"wp-block-embed__wrapper\">\n<iframe loading=\"lazy\" title=\"Para-cycling Series - Tricycle\" width=\"500\" height=\"281\" src=\"https:\/\/www.youtube.com\/embed\/rZJtIA0fgs4?feature=oembed\" frameborder=\"0\" allow=\"accelerometer; autoplay; clipboard-write; encrypted-media; gyroscope; picture-in-picture; web-share\" referrerpolicy=\"strict-origin-when-cross-origin\" allowfullscreen><\/iframe>\n<\/div><\/figure>\n\n\n\n<p class=\"wp-block-paragraph\">Les athl\u00e8tes de Cyclisme Canada qui participent aux comp\u00e9titions sur tricycle sont class\u00e9s dans les cat\u00e9gories T1 et T2.<br \/>Ces cat\u00e9gories regroupent les athl\u00e8tes ayant des limitations li\u00e9es \u00e0 l\u2019\u00e9quilibre ainsi qu\u2019aux membres sup\u00e9rieurs et\/ou inf\u00e9rieurs.<\/p>\n<\/div>\n\n\n\n<div class=\"wp-block-column is-layout-flow wp-block-column-is-layout-flow\">\n<figure class=\"wp-block-embed is-type-video is-provider-youtube wp-block-embed-youtube wp-embed-aspect-16-9 wp-has-aspect-ratio\"><div class=\"wp-block-embed__wrapper\">\n<iframe loading=\"lazy\" title=\"Para-cycling Series - Tandem\" width=\"500\" height=\"281\" src=\"https:\/\/www.youtube.com\/embed\/32JCrpjQND0?feature=oembed\" frameborder=\"0\" allow=\"accelerometer; autoplay; clipboard-write; encrypted-media; gyroscope; picture-in-picture; web-share\" referrerpolicy=\"strict-origin-when-cross-origin\" allowfullscreen><\/iframe>\n<\/div><\/figure>\n\n\n\n<p class=\"wp-block-paragraph\">Les athl\u00e8tes de Cyclisme Canada qui participent aux comp\u00e9titions sur tandem sont class\u00e9s dans la cat\u00e9gorie B.<br \/>Cette cat\u00e9gorie regroupe les athl\u00e8tes ayant une d\u00e9ficience visuelle, qui concourent sur un tandem avec l\u2019aide d\u2019un pilote voyant assis \u00e0 l\u2019avant du v\u00e9lo.<\/p>\n<\/div>\n<\/div>\n\n<div style=\"height:0px\" aria-hidden=\"true\" class=\"wp-block-spacer\"><\/div>\n\n<div style=\"height:1px\" aria-hidden=\"true\" class=\"wp-block-spacer\"><\/div>\n\n<div style=\"height:0px\" aria-hidden=\"true\" class=\"wp-block-spacer\"><\/div>\n\n<div style=\"height:58px\" aria-hidden=\"true\" class=\"wp-block-spacer\"><\/div>\n\n<div class=\"wp-block-buttons alignwide is-content-justification-center is-layout-flex wp-container-core-buttons-is-layout-3311407a wp-block-buttons-is-layout-flex\" style=\"padding-top:0;padding-bottom:0\">\n<div class=\"wp-block-button\"><a class=\"wp-block-button__link wp-element-button\" href=\"https:\/\/cyclingcanada.ca\/fr\/sport\/paracyclisme\/\"> nouvelles <\/a><\/div>\n<\/div>\n\n<div style=\"height:82px\" aria-hidden=\"true\" class=\"wp-block-spacer\"><\/div>\n\n<p class=\"wp-block-paragraph\"><\/p>\n","protected":false},"excerpt":{"rendered":"<p>Cyclisme Canada s\u2019engage \u00e0 faire progresser le paracyclisme \u00e0 l\u2019\u00e9chelle nationale et \u00e0 soutenir les athl\u00e8tes \u00e0 chaque \u00e9tape de leur d\u00e9veloppement. Notre travail couvre la participation de base, l\u2019implication des provinces et des clubs, les parcours de haute performance, le programme de l\u2019\u00c9quipe nationale et bien plus encore.Cette page constitue le carrefour central du [&hellip;]<\/p>\n","protected":false},"author":46,"featured_media":80609,"parent":0,"menu_order":0,"comment_status":"closed","ping_status":"closed","template":"","meta":{"_acf_changed":false,"advanced_seo_description":"","jetpack_seo_html_title":"","jetpack_seo_noindex":false,"jetpack_seo_schema_type":"","footnotes":""},"class_list":["post-80611","page","type-page","status-publish","has-post-thumbnail","hentry"],"acf":[],"jetpack_sharing_enabled":true,"_links":{"self":[{"href":"https:\/\/cyclingcanada.ca\/fr\/wp-json\/wp\/v2\/pages\/80611","targetHints":{"allow":["GET"]}}],"collection":[{"href":"https:\/\/cyclingcanada.ca\/fr\/wp-json\/wp\/v2\/pages"}],"about":[{"href":"https:\/\/cyclingcanada.ca\/fr\/wp-json\/wp\/v2\/types\/page"}],"replies":[{"embeddable":true,"href":"https:\/\/cyclingcanada.ca\/fr\/wp-json\/wp\/v2\/comments?post=80611"}],"version-history":[{"count":3,"href":"https:\/\/cyclingcanada.ca\/fr\/wp-json\/wp\/v2\/pages\/80611\/revisions"}],"predecessor-version":[{"id":80669,"href":"https:\/\/cyclingcanada.ca\/fr\/wp-json\/wp\/v2\/pages\/80611\/revisions\/80669"}],"wp:featuredmedia":[{"embeddable":true,"href":"https:\/\/cyclingcanada.ca\/fr\/wp-json\/wp\/v2\/media\/80609"}],"wp:attachment":[{"href":"https:\/\/cyclingcanada.ca\/fr\/wp-json\/wp\/v2\/media?parent=80611"}],"curies":[{"name":"wp","href":"https:\/\/api.w.org\/{rel}","templated":true}]}}